{"id":9,"date":"2020-04-17T13:10:53","date_gmt":"2020-04-17T13:10:53","guid":{"rendered":"http:\/\/martaterapeutavibracional.com\/?page_id=9"},"modified":"2026-02-25T12:55:18","modified_gmt":"2026-02-25T12:55:18","slug":"inicio","status":"publish","type":"page","link":"https:\/\/martaterapeutavibracional.com\/es\/","title":{"rendered":"Inicio"},"content":{"rendered":"<p>[et_pb_section fb_built=\u00bb1&#8243; fullwidth=\u00bbon\u00bb disabled_on=\u00bboff|off|off\u00bb _builder_version=\u00bb4.16&#8243; custom_margin=\u00bb0px|||0px|false|false\u00bb custom_padding=\u00bb0px|0px|0px|0px|false|false\u00bb bottom_divider_style=\u00bbwave\u00bb bottom_divider_color=\u00bb#fafafa\u00bb hover_transition_speed_curve=\u00bblinear\u00bb global_colors_info=\u00bb{}\u00bb][et_pb_fullwidth_slider _builder_version=\u00bb4.19.4&#8243; header_level=\u00bbh1&#8243; header_font=\u00bbMerriweather||||||||\u00bb header_font_size=\u00bb65px\u00bb header_letter_spacing=\u00bb2px\u00bb custom_button=\u00bbon\u00bb button_custom_padding=\u00bb15px|25px|15px|25px|true|true\u00bb auto=\u00bbon\u00bb auto_speed=\u00bb6000&#8243; header_text_color_tablet=\u00bb\u00bb header_text_color_phone=\u00bb\u00bb header_text_color_last_edited=\u00bbon|phone\u00bb header_font_size_tablet=\u00bb\u00bb header_font_size_phone=\u00bb40px\u00bb header_font_size_last_edited=\u00bbon|phone\u00bb global_colors_info=\u00bb{}\u00bb][et_pb_slide heading=\u00bbMARTA DOM\u00c8NECH\u00bb button_text=\u00bbCONTACTA\u00bb button_link=\u00bbhttps:\/\/martaterapeutavibracional.com\/contacto\/\u00bb use_bg_overlay=\u00bboff\u00bb use_text_overlay=\u00bboff\u00bb _builder_version=\u00bb4.19.4&#8243; header_level=\u00bbh1&#8243; header_font=\u00bbMerriweather||||||||\u00bb header_text_color=\u00bb#ffffff\u00bb body_font=\u00bbPoppins||||||||\u00bb body_text_align=\u00bbcenter\u00bb body_text_color=\u00bb#6b6b6b\u00bb body_letter_spacing=\u00bb6px\u00bb background_image=\u00bbhttps:\/\/martaterapeutavibracional.com\/es\/wp-content\/uploads\/sites\/3\/2023\/01\/SLIDE_inici_arbre-2022.jpg\u00bb background_enable_image=\u00bbon\u00bb background_size=\u00bbinitial\u00bb background_position=\u00bbtop_center\u00bb custom_button=\u00bbon\u00bb button_text_size=\u00bb14px\u00bb button_text_color=\u00bb#dd8797&#8243; button_bg_color=\u00bb#ffffff\u00bb button_border_width=\u00bb0px\u00bb button_border_color=\u00bbrgba(0,0,0,0)\u00bb button_border_radius=\u00bb24px\u00bb button_letter_spacing=\u00bb1px\u00bb button_font=\u00bbPoppins||||||||\u00bb button_icon_placement=\u00bbright\u00bb button_on_hover=\u00bbon\u00bb button_custom_margin=\u00bb|||0px|false|false\u00bb button_custom_padding=\u00bb10px||10px||false|false\u00bb text_orientation=\u00bbcenter\u00bb background_layout=\u00bblight\u00bb width=\u00bb100%\u00bb custom_padding=\u00bb||||false|false\u00bb header_font_size_last_edited=\u00bboff|desktop\u00bb global_colors_info=\u00bb{}\u00bb sticky_transition=\u00bbon\u00bb]<\/p>\n<p>TERAPEUTA VIBRACIONAL<\/p>\n<p>[\/et_pb_slide][et_pb_slide heading=\u00bb TERAPIAS A DISTANCIA\u00bb button_text=\u00bb+ INFORMACI\u00d3N\u00bb button_link=\u00bbhttps:\/\/martaterapeutavibracional.com\/es\/terapias-a-distancia\/\u00bb use_bg_overlay=\u00bboff\u00bb use_text_overlay=\u00bboff\u00bb _builder_version=\u00bb4.16&#8243; header_level=\u00bbh1&#8243; header_font=\u00bbMerriweather||||||||\u00bb header_text_color=\u00bb#ffffff\u00bb body_font=\u00bbPoppins|500|||||||\u00bb body_text_align=\u00bbcenter\u00bb body_text_color=\u00bb#6b6b6b\u00bb body_letter_spacing=\u00bb1px\u00bb background_image=\u00bbhttps:\/\/martaterapeutavibracional.com\/wp-content\/uploads\/sites\/3\/2020\/05\/SLIDE_a_distancia.jpg\u00bb background_enable_image=\u00bbon\u00bb background_size=\u00bbinitial\u00bb background_position=\u00bbtop_center\u00bb custom_button=\u00bbon\u00bb button_text_size=\u00bb14px\u00bb button_text_color=\u00bb#dd8797&#8243; button_bg_color=\u00bb#ffffff\u00bb button_border_width=\u00bb0px\u00bb button_border_color=\u00bbrgba(0,0,0,0)\u00bb button_border_radius=\u00bb24px\u00bb button_letter_spacing=\u00bb1px\u00bb button_font=\u00bbPoppins||||||||\u00bb button_icon_placement=\u00bbright\u00bb button_on_hover=\u00bbon\u00bb button_custom_margin=\u00bb|||0px|false|false\u00bb button_custom_padding=\u00bb10px||10px||false|false\u00bb text_orientation=\u00bbcenter\u00bb background_layout=\u00bblight\u00bb width=\u00bb100%\u00bb custom_padding=\u00bb||||false|false\u00bb header_letter_spacing_tablet=\u00bb\u00bb header_letter_spacing_phone=\u00bb\u00bb header_letter_spacing_last_edited=\u00bbon|desktop\u00bb global_colors_info=\u00bb{}\u00bb sticky_transition=\u00bbon\u00bb]<\/p>\n<p><span>Creado para todas aquellas personas que por diversos motivos,<br \/> <\/span><span>se sienten con la necesidad f\u00edsica o emocional de hacer un proceso<br \/> terap\u00e9utico sin salir de su hogar.<\/span><\/p>\n<p>[\/et_pb_slide][et_pb_slide heading=\u00bbTALLERES DE LLAMAS SAGRADAS\u00bb button_text=\u00bb+ INFORMACI\u00d3N\u00bb button_link=\u00bbhttps:\/\/martaterapeutavibracional.com\/es\/talleres-reiki-presencial\/\u00bb use_bg_overlay=\u00bboff\u00bb use_text_overlay=\u00bboff\u00bb _builder_version=\u00bb4.16&#8243; header_level=\u00bbh1&#8243; header_font=\u00bbMerriweather||||||||\u00bb header_text_color=\u00bb#515151&#8243; body_font=\u00bbPoppins||||||||\u00bb body_text_align=\u00bbcenter\u00bb body_text_color=\u00bb#515151&#8243; body_letter_spacing=\u00bb6px\u00bb background_image=\u00bbhttps:\/\/martaterapeutavibracional.com\/wp-content\/uploads\/sites\/3\/2020\/04\/SLIDE_meditacio_tallers-copia.jpg\u00bb background_enable_image=\u00bbon\u00bb background_size=\u00bbinitial\u00bb background_position=\u00bbtop_center\u00bb custom_button=\u00bbon\u00bb button_text_size=\u00bb14px\u00bb button_text_color=\u00bb#dd8797&#8243; button_bg_color=\u00bb#ffffff\u00bb button_border_width=\u00bb0px\u00bb button_border_color=\u00bbrgba(0,0,0,0)\u00bb button_border_radius=\u00bb24px\u00bb button_letter_spacing=\u00bb1px\u00bb button_font=\u00bbPoppins||||||||\u00bb button_icon_placement=\u00bbright\u00bb button_on_hover=\u00bbon\u00bb button_custom_margin=\u00bb|||0px|false|false\u00bb button_custom_padding=\u00bb10px||10px||false|false\u00bb text_orientation=\u00bbcenter\u00bb background_layout=\u00bblight\u00bb width=\u00bb100%\u00bb custom_padding=\u00bb||||false|false\u00bb header_font_size_tablet=\u00bb\u00bb header_font_size_phone=\u00bb\u00bb header_font_size_last_edited=\u00bbon|desktop\u00bb global_colors_info=\u00bb{}\u00bb sticky_transition=\u00bbon\u00bb]<\/p>\n<p style=\"text-align: center\">TALLERES PRESENCIALES Y A DISTANCIA<\/p>\n<p>[\/et_pb_slide][et_pb_slide heading=\u00bb TERAPIAS\u00bb button_text=\u00bb+ INFORMACI\u00d3N\u00bb button_link=\u00bbhttps:\/\/martaterapeutavibracional.com\/es\/terapias-presenciales\/\u00bb use_bg_overlay=\u00bboff\u00bb use_text_overlay=\u00bboff\u00bb _builder_version=\u00bb4.16&#8243; header_level=\u00bbh1&#8243; header_font=\u00bbMerriweather||||||||\u00bb header_text_color=\u00bb#646363&#8243; body_font=\u00bbPoppins||||||||\u00bb body_text_align=\u00bbcenter\u00bb body_text_color=\u00bb#7c7c7c\u00bb body_letter_spacing=\u00bb3px\u00bb background_image=\u00bbhttps:\/\/martaterapeutavibracional.com\/wp-content\/uploads\/sites\/3\/2020\/04\/SLIDE_reiki.jpg\u00bb background_enable_image=\u00bbon\u00bb background_size=\u00bbinitial\u00bb background_position=\u00bbtop_center\u00bb custom_button=\u00bbon\u00bb button_text_size=\u00bb14px\u00bb button_text_color=\u00bb#dd8797&#8243; button_bg_color=\u00bb#ffffff\u00bb button_border_width=\u00bb0px\u00bb button_border_color=\u00bbrgba(0,0,0,0)\u00bb button_border_radius=\u00bb24px\u00bb button_letter_spacing=\u00bb1px\u00bb button_font=\u00bbPoppins||||||||\u00bb button_icon_placement=\u00bbright\u00bb button_on_hover=\u00bbon\u00bb button_custom_margin=\u00bb|||0px|false|false\u00bb button_custom_padding=\u00bb10px||10px||false|false\u00bb text_orientation=\u00bbcenter\u00bb background_layout=\u00bblight\u00bb width=\u00bb100%\u00bb custom_padding=\u00bb||||false|false\u00bb global_colors_info=\u00bb{}\u00bb sticky_transition=\u00bbon\u00bb]<\/p>\n<p><span>TERAPIAS HOL\u00cdSTICAS: CUERPO, MENTE Y ESP\u00cdRITU<\/span><\/p>\n<p>[\/et_pb_slide][\/et_pb_fullwidth_slider][\/et_pb_section][et_pb_section fb_built=\u00bb1&#8243; custom_padding_last_edited=\u00bbon|tablet\u00bb admin_label=\u00bbAbout Me\u00bb _builder_version=\u00bb4.16&#8243; background_color=\u00bb#fafafa\u00bb width=\u00bb100%\u00bb custom_padding=\u00bb4vw|0px|0vw|0px|false|false\u00bb custom_padding_tablet=\u00bb||10vw|\u00bb custom_padding_phone=\u00bb\u00bb top_divider_height=\u00bb6vw\u00bb top_divider_flip=\u00bbvertical\u00bb bottom_divider_style=\u00bbcurve\u00bb bottom_divider_color=\u00bb#feecea\u00bb bottom_divider_height=\u00bb10vw\u00bb bottom_divider_repeat=\u00bb0.5x\u00bb global_colors_info=\u00bb{}\u00bb][et_pb_row column_structure=\u00bb1_2,1_2&#8243; _builder_version=\u00bb4.16&#8243; global_colors_info=\u00bb{}\u00bb][et_pb_column type=\u00bb1_2&#8243; _builder_version=\u00bb4.16&#8243; custom_padding=\u00bb|||\u00bb global_colors_info=\u00bb{}\u00bb custom_padding__hover=\u00bb|||\u00bb][et_pb_text _builder_version=\u00bb4.16&#8243; text_font=\u00bb||||||||\u00bb text_line_height=\u00bb2em\u00bb header_font=\u00bb||||||||\u00bb header_2_font=\u00bbMerriweather|700|||||||\u00bb header_2_font_size=\u00bb36px\u00bb header_2_line_height=\u00bb1.6em\u00bb custom_padding=\u00bb||0px|||\u00bb header_2_font_size_tablet=\u00bb\u00bb header_2_font_size_phone=\u00bb20px\u00bb header_2_font_size_last_edited=\u00bbon|phone\u00bb locked=\u00bboff\u00bb global_colors_info=\u00bb{}\u00bb]<\/p>\n<h2 style=\"text-align: left\">\u201cEl amor es la esencia de la Vida. Quien lo conoce, sabe el verdadero valor de la existencia\u201d.<\/h2>\n<p style=\"text-align: justify\">Mi objetivo como terapeuta es el de facilitarte, a trav\u00e9s de todos los recursos y las herramientas de las que dispongo, mi acompa\u00f1amiento.\u00a0<\/p>\n<p style=\"text-align: justify\">Las situaciones vividas hasta ahora me han ayudado a reafirmarme como persona y como terapeuta. No ha sido un camino f\u00e1cil, pero puedo decir que la valent\u00eda, la superaci\u00f3n, las ganas de vivir, la alegr\u00eda, la empat\u00eda, el equilibrio, la magia, la salud, el amor, la calma y la serenidad\u00a0 se han instalado en mi vida.\u00a0<\/p>\n<p>[\/et_pb_text][et_pb_button button_url=\u00bbhttps:\/\/martaterapeutavibracional.com\/es\/quien-soy\/\u00bb button_text=\u00bbQUI\u00c9N SOY\u00bb _builder_version=\u00bb4.16&#8243; custom_button=\u00bbon\u00bb button_text_size=\u00bb13px\u00bb button_text_color=\u00bb#ffffff\u00bb button_bg_color=\u00bb#9d9d9c\u00bb button_border_width=\u00bb0px\u00bb button_border_color=\u00bbrgba(0,0,0,0)\u00bb button_border_radius=\u00bb100px\u00bb button_letter_spacing=\u00bb2px\u00bb button_font=\u00bbMontserrat|500||on|||||\u00bb button_use_icon=\u00bboff\u00bb custom_padding=\u00bb16px|30px|16px|30px|true|true\u00bb button_letter_spacing_hover=\u00bb2px\u00bb locked=\u00bboff\u00bb global_colors_info=\u00bb{}\u00bb button_text_size__hover_enabled=\u00bboff\u00bb button_one_text_size__hover_enabled=\u00bboff\u00bb button_two_text_size__hover_enabled=\u00bboff\u00bb button_text_color__hover_enabled=\u00bboff\u00bb button_one_text_color__hover_enabled=\u00bboff\u00bb button_two_text_color__hover_enabled=\u00bboff\u00bb button_border_width__hover_enabled=\u00bboff\u00bb button_one_border_width__hover_enabled=\u00bboff\u00bb button_two_border_width__hover_enabled=\u00bboff\u00bb button_border_color__hover_enabled=\u00bboff\u00bb button_one_border_color__hover_enabled=\u00bboff\u00bb button_two_border_color__hover_enabled=\u00bboff\u00bb button_border_radius__hover_enabled=\u00bboff\u00bb button_one_border_radius__hover_enabled=\u00bboff\u00bb button_two_border_radius__hover_enabled=\u00bboff\u00bb button_letter_spacing__hover_enabled=\u00bbon\u00bb button_letter_spacing__hover=\u00bb2px\u00bb button_one_letter_spacing__hover_enabled=\u00bboff\u00bb button_two_letter_spacing__hover_enabled=\u00bboff\u00bb button_bg_color__hover_enabled=\u00bboff\u00bb button_one_bg_color__hover_enabled=\u00bboff\u00bb button_two_bg_color__hover_enabled=\u00bboff\u00bb][\/et_pb_button][\/et_pb_column][et_pb_column type=\u00bb1_2&#8243; _builder_version=\u00bb4.16&#8243; custom_padding=\u00bb|||\u00bb global_colors_info=\u00bb{}\u00bb custom_padding__hover=\u00bb|||\u00bb][et_pb_image src=\u00bbhttps:\/\/martaterapeutavibracional.com\/wp-content\/uploads\/sites\/3\/2020\/04\/Marta_Domenech-inici.jpg\u00bb align_tablet=\u00bbcenter\u00bb align_phone=\u00bb\u00bb align_last_edited=\u00bbon|desktop\u00bb _builder_version=\u00bb4.16&#8243; animation_style=\u00bbzoom\u00bb animation_intensity_zoom=\u00bb10%\u00bb border_radii=\u00bbon|10px|10px|10px|10px\u00bb animation=\u00bbtop\u00bb global_colors_info=\u00bb{}\u00bb][\/et_pb_image][\/et_pb_column][\/et_pb_row][et_pb_row column_structure=\u00bb1_3,1_3,1_3&#8243; _builder_version=\u00bb4.16&#8243; locked=\u00bboff\u00bb global_colors_info=\u00bb{}\u00bb][et_pb_column type=\u00bb1_3&#8243; _builder_version=\u00bb4.16&#8243; background_color=\u00bb#ffffff\u00bb custom_padding=\u00bb||30px||false|false\u00bb border_radii=\u00bbon|10px|10px|10px|10px\u00bb global_colors_info=\u00bb{}\u00bb custom_padding__hover=\u00bb|||\u00bb][et_pb_blurb title=\u00bbTerapias hol\u00edsticas\u00bb image=\u00bbhttps:\/\/martaterapeutavibracional.com\/wp-content\/uploads\/sites\/3\/2020\/04\/icone_terapies_holistiques.png\u00bb image_icon_width=\u00bb80px\u00bb image_icon_width_tablet=\u00bb60px\u00bb image_icon_width_phone=\u00bb60px\u00bb image_icon_width_last_edited=\u00bbon|tablet\u00bb admin_label=\u00bbBlurb\u00bb _builder_version=\u00bb4.16&#8243; header_font=\u00bbMerriweather|700|||||||\u00bb header_line_height=\u00bb1.8em\u00bb body_line_height=\u00bb2em\u00bb background_color=\u00bb#ffffff\u00bb text_orientation=\u00bbcenter\u00bb custom_margin=\u00bb||0px|||\u00bb custom_padding=\u00bb30px|30px|30px|30px|true|true\u00bb animation_style=\u00bbzoom\u00bb animation_intensity_zoom=\u00bb10%\u00bb motion_trigger_start=\u00bbtop\u00bb border_radii=\u00bbon|10px|10px|10px|10px\u00bb border_radii_image=\u00bbon|100px|100px|100px|100px\u00bb image_max_width=\u00bb80px\u00bb image_max_width_tablet=\u00bb60px\u00bb image_max_width_phone=\u00bb\u00bb image_max_width_last_edited=\u00bbon|tablet\u00bb global_colors_info=\u00bb{}\u00bb]<\/p>\n<p>Las terapias hol\u00edsticas que ofrezco<br \/> tratan a la persona en su conjunto:<br \/> formada por cuerpo, mente y esp\u00edritu.<br \/> Acompa\u00f1o al paciente para que pueda<br \/> volver a su estado natural de salud y<br \/> bienestar. Estas terapias estimulan<br \/> el poder de sanaci\u00f3n natural del<br \/> organismo.<\/p>\n<p>[\/et_pb_blurb][et_pb_button button_url=\u00bbhttps:\/\/martaterapeutavibracional.com\/es\/terapias-presenciales\/\u00bb button_text=\u00bb+ informaci\u00f3n\u00bb button_alignment=\u00bbcenter\u00bb _builder_version=\u00bb4.16&#8243; custom_button=\u00bbon\u00bb button_text_size=\u00bb13px\u00bb button_text_color=\u00bb#ffffff\u00bb button_bg_color=\u00bb#DD8797&#8243; button_border_width=\u00bb0px\u00bb button_border_color=\u00bbrgba(0,0,0,0)\u00bb button_border_radius=\u00bb100px\u00bb button_letter_spacing=\u00bb2px\u00bb button_font=\u00bbMontserrat|500||on|||||\u00bb button_use_icon=\u00bboff\u00bb custom_padding=\u00bb16px|30px|16px|30px|true|true\u00bb button_letter_spacing_hover=\u00bb2px\u00bb locked=\u00bboff\u00bb global_colors_info=\u00bb{}\u00bb button_text_size__hover_enabled=\u00bboff\u00bb button_one_text_size__hover_enabled=\u00bboff\u00bb button_two_text_size__hover_enabled=\u00bboff\u00bb button_text_color__hover_enabled=\u00bboff\u00bb button_one_text_color__hover_enabled=\u00bboff\u00bb button_two_text_color__hover_enabled=\u00bboff\u00bb button_border_width__hover_enabled=\u00bboff\u00bb button_one_border_width__hover_enabled=\u00bboff\u00bb button_two_border_width__hover_enabled=\u00bboff\u00bb button_border_color__hover_enabled=\u00bboff\u00bb button_one_border_color__hover_enabled=\u00bboff\u00bb button_two_border_color__hover_enabled=\u00bboff\u00bb button_border_radius__hover_enabled=\u00bboff\u00bb button_one_border_radius__hover_enabled=\u00bboff\u00bb button_two_border_radius__hover_enabled=\u00bboff\u00bb button_letter_spacing__hover_enabled=\u00bbon\u00bb button_letter_spacing__hover=\u00bb2px\u00bb button_one_letter_spacing__hover_enabled=\u00bboff\u00bb button_two_letter_spacing__hover_enabled=\u00bboff\u00bb button_bg_color__hover_enabled=\u00bboff\u00bb button_one_bg_color__hover_enabled=\u00bboff\u00bb button_two_bg_color__hover_enabled=\u00bboff\u00bb][\/et_pb_button][\/et_pb_column][et_pb_column type=\u00bb1_3&#8243; _builder_version=\u00bb4.16&#8243; background_color=\u00bb#ffffff\u00bb custom_padding=\u00bb||30px||false|false\u00bb border_radii=\u00bbon|10px|10px|10px|10px\u00bb global_colors_info=\u00bb{}\u00bb custom_padding__hover=\u00bb|||\u00bb][et_pb_blurb title=\u00bbCursos de reiki\u00bb image=\u00bbhttps:\/\/martaterapeutavibracional.com\/wp-content\/uploads\/sites\/3\/2020\/04\/icone_reiki.png\u00bb image_icon_width=\u00bb80px\u00bb image_icon_width_tablet=\u00bb60px\u00bb image_icon_width_phone=\u00bb60px\u00bb image_icon_width_last_edited=\u00bbon|tablet\u00bb _builder_version=\u00bb4.19.4&#8243; header_font=\u00bbMerriweather|700|||||||\u00bb header_line_height=\u00bb1.8em\u00bb body_line_height=\u00bb2em\u00bb background_color=\u00bb#ffffff\u00bb text_orientation=\u00bbcenter\u00bb custom_padding=\u00bb30px|30px|0px|30px|false|true\u00bb animation_style=\u00bbzoom\u00bb animation_intensity_zoom=\u00bb10%\u00bb border_radii=\u00bbon|10px|10px|10px|10px\u00bb border_radii_image=\u00bbon|100px|100px|100px|100px\u00bb image_max_width=\u00bb80px\u00bb image_max_width_tablet=\u00bb60px\u00bb image_max_width_phone=\u00bb\u00bb image_max_width_last_edited=\u00bbon|tablet\u00bb global_colors_info=\u00bb{}\u00bb]<\/p>\n<p>Cada trimestre imparto un taller<br \/>de reiki presencial, de primer, segundo<br \/>o tercer nivel. Tienen una duraci\u00f3n de<br \/>un d\u00eda. Tambi\u00e9n existe la posibilidad<br \/>de hacerlo a distancia. P\u00eddeme<br \/>informaci\u00f3n para saber cu\u00e1ndo har\u00e9<br \/>el pr\u00f3ximo nivel.<\/p>\n<p>[\/et_pb_blurb][et_pb_button button_url=\u00bbhttps:\/\/martaterapeutavibracional.com\/es\/talleres-reiki-presencial\/\u00bb button_text=\u00bb+ informaci\u00f3n\u00bb button_alignment=\u00bbcenter\u00bb _builder_version=\u00bb4.16&#8243; custom_button=\u00bbon\u00bb button_text_size=\u00bb13px\u00bb button_text_color=\u00bb#ffffff\u00bb button_bg_color=\u00bb#DD8797&#8243; button_border_width=\u00bb0px\u00bb button_border_color=\u00bbrgba(0,0,0,0)\u00bb button_border_radius=\u00bb100px\u00bb button_letter_spacing=\u00bb2px\u00bb button_font=\u00bbMontserrat|500||on|||||\u00bb button_use_icon=\u00bboff\u00bb custom_padding=\u00bb16px|30px|16px|30px|true|true\u00bb button_letter_spacing_hover=\u00bb2px\u00bb locked=\u00bboff\u00bb global_colors_info=\u00bb{}\u00bb button_text_size__hover_enabled=\u00bboff\u00bb button_one_text_size__hover_enabled=\u00bboff\u00bb button_two_text_size__hover_enabled=\u00bboff\u00bb button_text_color__hover_enabled=\u00bboff\u00bb button_one_text_color__hover_enabled=\u00bboff\u00bb button_two_text_color__hover_enabled=\u00bboff\u00bb button_border_width__hover_enabled=\u00bboff\u00bb button_one_border_width__hover_enabled=\u00bboff\u00bb button_two_border_width__hover_enabled=\u00bboff\u00bb button_border_color__hover_enabled=\u00bboff\u00bb button_one_border_color__hover_enabled=\u00bboff\u00bb button_two_border_color__hover_enabled=\u00bboff\u00bb button_border_radius__hover_enabled=\u00bboff\u00bb button_one_border_radius__hover_enabled=\u00bboff\u00bb button_two_border_radius__hover_enabled=\u00bboff\u00bb button_letter_spacing__hover_enabled=\u00bbon\u00bb button_letter_spacing__hover=\u00bb2px\u00bb button_one_letter_spacing__hover_enabled=\u00bboff\u00bb button_two_letter_spacing__hover_enabled=\u00bboff\u00bb button_bg_color__hover_enabled=\u00bboff\u00bb button_one_bg_color__hover_enabled=\u00bboff\u00bb button_two_bg_color__hover_enabled=\u00bboff\u00bb][\/et_pb_button][\/et_pb_column][et_pb_column type=\u00bb1_3&#8243; _builder_version=\u00bb4.16&#8243; background_color=\u00bb#ffffff\u00bb custom_padding=\u00bb||30px||false|false\u00bb border_radii=\u00bbon|10px|10px|10px|10px\u00bb global_colors_info=\u00bb{}\u00bb custom_padding__hover=\u00bb|||\u00bb][et_pb_blurb title=\u00bbTalleres de llamas sagradas\u00bb image=\u00bbhttps:\/\/martaterapeutavibracional.com\/wp-content\/uploads\/sites\/3\/2020\/04\/Icone_Flames_sagrades.png\u00bb image_icon_width=\u00bb80px\u00bb image_icon_width_tablet=\u00bb60px\u00bb image_icon_width_phone=\u00bb60px\u00bb image_icon_width_last_edited=\u00bbon|tablet\u00bb _builder_version=\u00bb4.16&#8243; header_font=\u00bbMerriweather|700|||||||\u00bb header_line_height=\u00bb1.8em\u00bb body_line_height=\u00bb2em\u00bb background_color=\u00bb#ffffff\u00bb text_orientation=\u00bbcenter\u00bb custom_margin=\u00bb||1px|||\u00bb custom_padding=\u00bb30px|30px|30px|30px|false|true\u00bb animation_style=\u00bbzoom\u00bb animation_intensity_zoom=\u00bb10%\u00bb border_radii=\u00bbon|10px|10px|10px|10px\u00bb border_radii_image=\u00bbon|100px|100px|100px|100px\u00bb image_max_width=\u00bb80px\u00bb image_max_width_tablet=\u00bb60px\u00bb image_max_width_phone=\u00bb\u00bb image_max_width_last_edited=\u00bbon|tablet\u00bb global_colors_info=\u00bb{}\u00bb]<\/p>\n<p>El \u00faltimo s\u00e1bado de cada mes, imparto<br \/>un taller presencial de llamas sagradas <br \/>(rayos metaf\u00edsicos). En cada taller se<br \/>trabaja una llama espec\u00edfica.<br \/>No es necesario haber empezado desde el principio, ya<br \/> que cada llama es diferente y no hay<br \/> \u00a0una m\u00e1s importante que otra.<br \/> P\u00eddeme informaci\u00f3n para saber<br \/> la llama de este mes.<\/p>\n<p>[\/et_pb_blurb][et_pb_button button_url=\u00bbhttps:\/\/martaterapeutavibracional.com\/es\/talleres-llamas-sagradas-presencial\/\u00bb button_text=\u00bb+ informaci\u00f3n\u00bb button_alignment=\u00bbcenter\u00bb _builder_version=\u00bb4.16&#8243; custom_button=\u00bbon\u00bb button_text_size=\u00bb13px\u00bb button_text_color=\u00bb#ffffff\u00bb button_bg_color=\u00bb#DD8797&#8243; button_border_width=\u00bb0px\u00bb button_border_color=\u00bbrgba(0,0,0,0)\u00bb button_border_radius=\u00bb100px\u00bb button_letter_spacing=\u00bb2px\u00bb button_font=\u00bbMontserrat|500||on|||||\u00bb button_use_icon=\u00bboff\u00bb custom_padding=\u00bb16px|30px|16px|30px|true|true\u00bb button_letter_spacing_hover=\u00bb2px\u00bb locked=\u00bboff\u00bb global_colors_info=\u00bb{}\u00bb button_text_size__hover_enabled=\u00bboff\u00bb button_one_text_size__hover_enabled=\u00bboff\u00bb button_two_text_size__hover_enabled=\u00bboff\u00bb button_text_color__hover_enabled=\u00bboff\u00bb button_one_text_color__hover_enabled=\u00bboff\u00bb button_two_text_color__hover_enabled=\u00bboff\u00bb button_border_width__hover_enabled=\u00bboff\u00bb button_one_border_width__hover_enabled=\u00bboff\u00bb button_two_border_width__hover_enabled=\u00bboff\u00bb button_border_color__hover_enabled=\u00bboff\u00bb button_one_border_color__hover_enabled=\u00bboff\u00bb button_two_border_color__hover_enabled=\u00bboff\u00bb button_border_radius__hover_enabled=\u00bboff\u00bb button_one_border_radius__hover_enabled=\u00bboff\u00bb button_two_border_radius__hover_enabled=\u00bboff\u00bb button_letter_spacing__hover_enabled=\u00bbon\u00bb button_letter_spacing__hover=\u00bb2px\u00bb button_one_letter_spacing__hover_enabled=\u00bboff\u00bb button_two_letter_spacing__hover_enabled=\u00bboff\u00bb button_bg_color__hover_enabled=\u00bboff\u00bb button_one_bg_color__hover_enabled=\u00bboff\u00bb button_two_bg_color__hover_enabled=\u00bboff\u00bb][\/et_pb_button][\/et_pb_column][\/et_pb_row][\/et_pb_section][et_pb_section fb_built=\u00bb1&#8243; admin_label=\u00bbCall to Action\u00bb _builder_version=\u00bb4.16&#8243; background_color=\u00bb#34545a\u00bb use_background_color_gradient=\u00bbon\u00bb background_color_gradient_stops=\u00bbrgba(0,0,0,0) 0%|rgba(0,0,0,0) 100%\u00bb background_color_gradient_overlays_image=\u00bbon\u00bb background_color_gradient_start=\u00bbrgba(0,0,0,0)\u00bb background_color_gradient_end=\u00bbrgba(0,0,0,0)\u00bb background_image=\u00bbhttp:\/\/martaterapeutavibracional.com\/wp-content\/uploads\/2020\/04\/foto_fons_newsletter-copia-2.jpg\u00bb custom_margin=\u00bb12px|||||\u00bb background_color_gradient_stops_tablet=\u00bbrgba(0,0,0,0) 0%|rgba(0,0,0,0) 100%\u00bb background_color_gradient_stops_phone=\u00bbrgba(0,0,0,0) 0%|rgba(0,0,0,0) 100%\u00bb global_module=\u00bb466&#8243; global_colors_info=\u00bb{}\u00bb][et_pb_row _builder_version=\u00bb4.16&#8243; global_colors_info=\u00bb{}\u00bb][et_pb_column type=\u00bb4_4&#8243; _builder_version=\u00bb4.16&#8243; custom_padding=\u00bb|||\u00bb global_colors_info=\u00bb{}\u00bb custom_padding__hover=\u00bb|||\u00bb][et_pb_text _builder_version=\u00bb4.21.2&#8243; text_font=\u00bb||||||||\u00bb text_line_height=\u00bb2em\u00bb ul_font=\u00bb||||||||\u00bb ol_font=\u00bb||||||||\u00bb header_font=\u00bb||||||||\u00bb header_2_font=\u00bb||||||||\u00bb header_3_font=\u00bbMerriweather|700|||||||\u00bb header_3_font_size=\u00bb30px\u00bb header_3_line_height=\u00bb1.6em\u00bb header_4_font=\u00bbMerriweather|700|||||||\u00bb header_4_text_color=\u00bb#15c39a\u00bb header_4_line_height=\u00bb1.8em\u00bb header_5_font=\u00bb||||||||\u00bb header_6_font=\u00bb||||||||\u00bb text_orientation=\u00bbcenter\u00bb background_layout=\u00bbdark\u00bb max_width=\u00bb700px\u00bb module_alignment=\u00bbcenter\u00bb header_3_font_size_tablet=\u00bb\u00bb header_3_font_size_phone=\u00bb16px\u00bb header_3_font_size_last_edited=\u00bbon|desktop\u00bb header_4_font_size_tablet=\u00bb\u00bb header_4_font_size_phone=\u00bb14px\u00bb header_4_font_size_last_edited=\u00bbon|phone\u00bb locked=\u00bboff\u00bb global_colors_info=\u00bb{}\u00bb]<\/p>\n<h3><strong>Si necesitas m\u00e1s informaci\u00f3n,<br \/><\/strong><strong>no dudes en ped\u00edrmela<\/strong><\/h3>\n<h4><span style=\"color: #3f3f3f\">\u00a1Estar\u00e9 encantada de poderte acompa\u00f1ar!<\/span><\/h4>\n<p style=\"text-align: center\">Si te registras con tu correo electr\u00f3nico, podr\u00e9 enviarte toda la informaci\u00f3n necesaria sobre los talleres de Reiki o los talleres de llamas sagradas. Conocer\u00e1s las pr\u00f3ximas fechas, horarios y precios de los talleres y si a\u00fan quedan plazas disponibles, y adem\u00e1s,\u00a0 recibir\u00e1s informaci\u00f3n de c\u00f3mo llegar.<\/p>\n<p>[\/et_pb_text][\/et_pb_column][\/et_pb_row][et_pb_row _builder_version=\u00bb4.16&#8243; _module_preset=\u00bbdefault\u00bb global_colors_info=\u00bb{}\u00bb][et_pb_column type=\u00bb4_4&#8243; _builder_version=\u00bb4.16&#8243; _module_preset=\u00bbdefault\u00bb global_colors_info=\u00bb{}\u00bb][et_pb_text _builder_version=\u00bb4.16&#8243; _module_preset=\u00bbdefault\u00bb max_width=\u00bb700px\u00bb module_alignment=\u00bbcenter\u00bb custom_margin=\u00bb|auto||auto|false|false\u00bb global_colors_info=\u00bb{}\u00bb]<div class=\"et_bloom_inline_form et_bloom_optin et_bloom_make_form_visible et_bloom_optin_1\" style=\"display: none;\">\n\t\t\t\t<style type=\"text\/css\">.et_bloom .et_bloom_optin_1 .et_bloom_form_content { background-color: #f2f2f2 !important; } .et_bloom .et_bloom_optin_1 .et_bloom_form_container .et_bloom_form_header { background-color: #ffffff !important; } .et_bloom .et_bloom_optin_1 .curve_edge .curve { fill: #ffffff} .et_bloom .et_bloom_optin_1 .et_bloom_form_content button { background-color: #969696 !important; } .et_bloom .et_bloom_optin_1 .et_bloom_form_content .et_bloom_fields i { color: #969696 !important; } .et_bloom .et_bloom_optin_1 .et_bloom_form_content .et_bloom_custom_field_radio i:before { background: #969696 !important; } .et_bloom .et_bloom_optin_1 .et_bloom_form_content button { background-color: #969696 !important; } .et_bloom .et_bloom_optin_1 .et_bloom_form_container h2, .et_bloom .et_bloom_optin_1 .et_bloom_form_container h2 span, .et_bloom .et_bloom_optin_1 .et_bloom_form_container h2 strong { font-family: \"Open Sans\", Helvetica, Arial, Lucida, sans-serif; }.et_bloom .et_bloom_optin_1 .et_bloom_form_container p, .et_bloom .et_bloom_optin_1 .et_bloom_form_container p span, .et_bloom .et_bloom_optin_1 .et_bloom_form_container p strong, .et_bloom .et_bloom_optin_1 .et_bloom_form_container form input, .et_bloom .et_bloom_optin_1 .et_bloom_form_container form button span { font-family: \"Open Sans\", Helvetica, Arial, Lucida, sans-serif; } <\/style>\n\t\t\t\t<div class=\"et_bloom_form_container  with_edge curve_edge et_bloom_rounded_corners et_bloom_rounded et_bloom_form_text_dark et_bloom_form_bottom et_bloom_inline_1_field\">\n\t\t\t\t\t\n\t\t\t<div class=\"et_bloom_form_container_wrapper clearfix et_bloom_with_custom_fields\">\n\t\t\t\t<div class=\"et_bloom_header_outer\">\n\t\t\t\t\t<div class=\"et_bloom_form_header et_bloom_header_text_dark\">\n\t\t\t\t\t\t\n\t\t\t\t\t\t<div class=\"et_bloom_form_text\">\n\t\t\t\t\t\t<h2 style=\"text-align: center;\">\u00a1Quiero recibir informaci\u00f3n de los talleres!<\/h2><p>AVISO DE PRIVACIDAD los datos personales proporcionados por correo electr\u00f3nico a trav\u00e9s del siguiente formulario se registrar\u00e1n en un archivo MARTA TERAPEUTA VIBRACIONAL, con el objetivo de prestar los servicios solicitados, responder a consultas, obtener datos estad\u00edsticos de los mismos o enviar publicidad comercial, newsletter. Tambi\u00e9n le notificamos que tiene derecho a ejercer sus derechos de acceso, rectificaci\u00f3n, cancelaci\u00f3n y oposici\u00f3n poni\u00e9ndose en contacto por escrito MARTA TERAPEUTA VIBRACIONAL, Calle Sant Esteve, 16-17462 Madremanya-Girona, adjuntando fotocopia de su DNI<\/p>\n\t\t\t\t\t<\/div>\n\t\t\t\t\t\t\n\t\t\t\t\t<\/div>\n\t\t\t\t<\/div>\n\t\t\t\t<div class=\"et_bloom_form_content et_bloom_1_field et_bloom_bottom_inline\">\n\t\t\t\t\t\n\t\t\t\t\t<svg class=\"curve et_bloom_default_edge\" xmlns=\"http:\/\/www.w3.org\/2000\/svg\" version=\"1.1\" width=\"100%\" height=\"20\" viewBox=\"0 0 100 100\" preserveAspectRatio=\"none\">\n\t\t\t\t\t\t<path d=\"M0 0 C40 100 60 100 100 0 Z\"><\/path>\n\t\t\t\t\t<\/svg>\n\t\t\t\t\t<form method=\"post\" class=\"clearfix\">\n\t\t\t\t\t\t<div class=\"et_bloom_fields\">\n\t\t\t\t\t\t\t\n\t\t\t\t\t\t\t<p class=\"et_bloom_popup_input et_bloom_subscribe_email\">\n\t\t\t\t\t\t\t\t<input placeholder=\"Email\">\n\t\t\t\t\t\t\t<\/p>\n\t\t\t\t\t\t\t<p class=\"et_bloom_custom_field\"><input class=\"et_bloom_checkbox_handle\" type=\"hidden\" name=\"et_bloom_custom_field_optin_1_OPT_IN\" data-field_type=\"checkbox\" data-id=\"OPT_IN\" data-required_mark=\"required\">\n\t\t\t\t\t\t<span class=\"et_bloom_custom_field_options_wrapper\">\n\t\t\t\t\t\t\t<span class=\"et_bloom_custom_field_options_title\"><\/span>\n\t\t\t\t\t\t\t<span class=\"et_bloom_custom_field_options_list\"><span class=\"et_bloom_custom_field_checkbox\">\n\t\t\t\t\t\t\t\t<input type=\"checkbox\" id=\"et_bloom_custom_field_optin_1_OPT_IN_0\" value=\"Acepto las condiciones\" data-id=\"0\"\/>\n\t\t\t\t\t\t\t\t<label for=\"et_bloom_custom_field_optin_1_OPT_IN_0\"><i><\/i>Acepto las condiciones<\/label>\n\t\t\t\t\t\t\t<\/span><\/span>\n\t\t\t\t\t\t<\/span><\/p>\n\t\t\t\t\t\t\t<button data-optin_id=\"optin_1\" data-service=\"sendinblue\" data-list_id=\"6\" data-page_id=\"9\" data-account=\"info@martaterapeutavibracionalcom\" data-ip_address=\"true\" class=\"et_bloom_submit_subscription\">\n\t\t\t\t\t\t\t\t<span class=\"et_bloom_subscribe_loader\"><\/span>\n\t\t\t\t\t\t\t\t<span class=\"et_bloom_button_text et_bloom_button_text_color_light\">SUSCR\u00cdBEME<\/span>\n\t\t\t\t\t\t\t<\/button>\n\t\t\t\t\t\t<\/div>\n\t\t\t\t\t<\/form>\n\t\t\t\t\t<div class=\"et_bloom_success_container\">\n\t\t\t\t\t\t<span class=\"et_bloom_success_checkmark\"><\/span>\n\t\t\t\t\t<\/div>\n\t\t\t\t\t<h2 class=\"et_bloom_success_message\">GRACIAS POR SUSCRIBIRTE<\/h2>\n\t\t\t\t\t\n\t\t\t\t<\/div>\n\t\t\t<\/div>\n\t\t\t<span class=\"et_bloom_close_button\"><\/span>\n\t\t\t\t<\/div>\n\t\t\t<\/div>[\/et_pb_text][\/et_pb_column][\/et_pb_row][\/et_pb_section][et_pb_section fb_built=\u00bb1&#8243; admin_label=\u00bbConsultation\u00bb _builder_version=\u00bb4.4.3&#8243; background_color=\u00bb#d0ddef\u00bb min_height=\u00bb577px\u00bb global_module=\u00bb1202&#8243; global_colors_info=\u00bb{}\u00bb][et_pb_row column_structure=\u00bb1_2,1_2&#8243; _builder_version=\u00bb4.16&#8243; custom_margin=\u00bb|auto|100px|auto||\u00bb locked=\u00bboff\u00bb global_colors_info=\u00bb{}\u00bb][et_pb_column type=\u00bb1_2&#8243; _builder_version=\u00bb4.16&#8243; custom_padding=\u00bb60px|||\u00bb custom_padding_tablet=\u00bb0px|||\u00bb custom_padding_phone=\u00bb\u00bb custom_padding_last_edited=\u00bbon|tablet\u00bb global_colors_info=\u00bb{}\u00bb padding_tablet=\u00bb0px|||\u00bb padding_last_edited=\u00bbon|tablet\u00bb custom_padding__hover=\u00bb|||\u00bb padding_phone=\u00bb0px|||\u00bb][et_pb_text _builder_version=\u00bb4.21.2&#8243; text_font=\u00bb||||||||\u00bb text_text_color=\u00bb#244f72&#8243; text_line_height=\u00bb2em\u00bb header_font=\u00bb||||||||\u00bb header_3_font=\u00bbMerriweather|700|||||||\u00bb header_3_text_color=\u00bb#FFFFFF\u00bb header_3_font_size=\u00bb28px\u00bb header_3_line_height=\u00bb1.6em\u00bb hover_enabled=\u00bb0&#8243; header_3_font_size_tablet=\u00bb\u00bb header_3_font_size_phone=\u00bb20px\u00bb header_3_font_size_last_edited=\u00bbon|phone\u00bb locked=\u00bboff\u00bb global_colors_info=\u00bb{}\u00bb sticky_enabled=\u00bb0&#8243;]<\/p>\n<h3 style=\"text-align: justify\"><strong>8\u00aa EDICI\u00d3N DEL CURSO DE LOS 7 RAYOS C\u00d3SMICOS Y SUS LLAMAS SAGRADAS<\/strong><\/h3>\n<p style=\"text-align: justify\"><strong>TALLER DEL 7\u00ba RAYO C\u00d3SMICO &#8211; LLAMA VIOLETA DE LA TRANSMUTACI\u00d3N<\/strong><br \/><strong>Mes de MARZO de 2026 (PRESENCIAL)<\/strong><\/p>\n<p style=\"text-align: justify\">El s\u00e1bado 14 de MARZO de 2026 imparto un taller durante 2 horas y media, aproximadamente, para dar a conocer la Llama VIOLETA de Telos, el 7\u00ba Rayo Metaf\u00edsico, y experimentar con su vibraci\u00f3n y con los Arc\u00e1ngeles.<\/p>\n<p style=\"text-align: justify\">No es necesario tener conocimientos o experiencia previa, simplemente ganas de evolucionar y mucho respeto.<\/p>\n<p style=\"text-align: justify\">Es un taller completamente vivencial y experimentaremos la vibraci\u00f3n de este Rayo C\u00f3smico (esta Frecuencia de Luz) a trav\u00e9s de meditaciones y conoceremos sus caracter\u00edsticas concretas.<\/p>\n<p style=\"text-align: justify\">TALLER PRESENCIAL:<\/p>\n<p style=\"text-align: justify\"><strong>&#8211; FECHA: S\u00e1bado 14 de MARZO de 2026<\/strong><\/p>\n<p style=\"text-align: justify\"><strong>&#8211; HORARIO:<\/strong><strong>\u00a0de 10:00h a 12:30h<\/strong><\/p>\n<p style=\"text-align: justify\">(Duraci\u00f3n aproximada; depende de la din\u00e1mica del grupo)<\/p>\n<p style=\"text-align: justify\"><strong>&#8211; LUGAR: Se imparte presencialmente en Madremanya (Girona).<\/strong><\/p>\n<p style=\"text-align: justify\"><span>\u00a0<\/span><\/p>\n<p>[\/et_pb_text][et_pb_button button_url=\u00bbhttps:\/\/martaterapeutavibracional.com\/es\/contacto\/\u00bb button_text=\u00bbContacta\u00bb _builder_version=\u00bb4.21.2&#8243; custom_button=\u00bbon\u00bb button_text_size=\u00bb13px\u00bb button_text_color=\u00bb#ffffff\u00bb button_bg_color=\u00bb#89a8d8&#8243; button_border_width=\u00bb0px\u00bb button_border_color=\u00bb#ffffff\u00bb button_border_radius=\u00bb100px\u00bb button_letter_spacing=\u00bb0px\u00bb button_font=\u00bbMontserrat|500||on|||||\u00bb button_use_icon=\u00bboff\u00bb custom_margin=\u00bb|||\u00bb custom_padding=\u00bb16px|30px|16px|30px|true|true\u00bb button_letter_spacing_hover=\u00bb2px\u00bb locked=\u00bboff\u00bb global_colors_info=\u00bb{}\u00bb button_text_size__hover_enabled=\u00bboff\u00bb button_one_text_size__hover_enabled=\u00bboff\u00bb button_two_text_size__hover_enabled=\u00bboff\u00bb button_text_color__hover_enabled=\u00bboff\u00bb button_one_text_color__hover_enabled=\u00bboff\u00bb button_two_text_color__hover_enabled=\u00bboff\u00bb button_border_width__hover_enabled=\u00bboff\u00bb button_one_border_width__hover_enabled=\u00bboff\u00bb button_two_border_width__hover_enabled=\u00bboff\u00bb button_border_color__hover_enabled=\u00bboff\u00bb button_one_border_color__hover_enabled=\u00bboff\u00bb button_two_border_color__hover_enabled=\u00bboff\u00bb button_border_radius__hover_enabled=\u00bboff\u00bb button_one_border_radius__hover_enabled=\u00bboff\u00bb button_two_border_radius__hover_enabled=\u00bboff\u00bb button_letter_spacing__hover_enabled=\u00bbon\u00bb button_letter_spacing__hover=\u00bb2px\u00bb button_one_letter_spacing__hover_enabled=\u00bboff\u00bb button_two_letter_spacing__hover_enabled=\u00bboff\u00bb button_bg_color__hover_enabled=\u00bboff\u00bb button_one_bg_color__hover_enabled=\u00bboff\u00bb button_two_bg_color__hover_enabled=\u00bboff\u00bb][\/et_pb_button][\/et_pb_column][et_pb_column type=\u00bb1_2&#8243; _builder_version=\u00bb4.16&#8243; custom_padding=\u00bb|||\u00bb global_colors_info=\u00bb{}\u00bb custom_padding__hover=\u00bb|||\u00bb][et_pb_image src=\u00bbhttps:\/\/martaterapeutavibracional.com\/wp-content\/uploads\/2023\/11\/Copia-de-FOTO-FLAMA-WEB.png\u00bb title_text=\u00bbCopia-de-FOTO-FLAMA-WEB\u00bb align_tablet=\u00bbcenter\u00bb align_phone=\u00bb\u00bb align_last_edited=\u00bbon|desktop\u00bb _builder_version=\u00bb4.21.2&#8243; transform_scale=\u00bb80%|80%\u00bb border_radii=\u00bbon|20px|20px|20px|20px\u00bb global_colors_info=\u00bb{}\u00bb][\/et_pb_image][\/et_pb_column][\/et_pb_row][\/et_pb_section][et_pb_section fb_built=\u00bb1&#8243; admin_label=\u00bbFrequently Asked Questions\u00bb _builder_version=\u00bb4.16&#8243; background_color=\u00bb#f2f2f2&#8243; background_image=\u00bbhttps:\/\/martaterapeutavibracional.com\/wp-content\/uploads\/sites\/3\/2020\/04\/mandada-copia.png\u00bb background_size=\u00bbinitial\u00bb background_position=\u00bbcenter_right\u00bb global_colors_info=\u00bb{}\u00bb][et_pb_row _builder_version=\u00bb4.16&#8243; background_color=\u00bbrgba(0,0,0,0)\u00bb background_enable_image=\u00bboff\u00bb background_position=\u00bbtop_right\u00bb global_colors_info=\u00bb{}\u00bb][et_pb_column type=\u00bb4_4&#8243; _builder_version=\u00bb4.16&#8243; custom_padding=\u00bb|||\u00bb global_colors_info=\u00bb{}\u00bb custom_padding__hover=\u00bb|||\u00bb][et_pb_image src=\u00bbhttps:\/\/martaterapeutavibracional.com\/wp-content\/uploads\/sites\/3\/2020\/04\/fons_pedres_terapies.jpg\u00bb align=\u00bbcenter\u00bb align_tablet=\u00bbcenter\u00bb align_phone=\u00bb\u00bb align_last_edited=\u00bbon|desktop\u00bb _builder_version=\u00bb4.16&#8243; max_width=\u00bb800px\u00bb border_radii=\u00bbon|10px|10px|10px|10px\u00bb global_colors_info=\u00bb{}\u00bb][\/et_pb_image][et_pb_text _builder_version=\u00bb4.16&#8243; text_font=\u00bb||||||||\u00bb text_line_height=\u00bb2em\u00bb header_font=\u00bb||||||||\u00bb header_2_font=\u00bbMerriweather|700|||||||\u00bb header_2_font_size=\u00bb36px\u00bb header_2_line_height=\u00bb1.6em\u00bb header_3_font=\u00bbMerriweather|700|||||||\u00bb header_3_text_color=\u00bb#ffc47c\u00bb header_3_font_size=\u00bb18px\u00bb header_3_line_height=\u00bb1.8em\u00bb text_orientation=\u00bbcenter\u00bb header_2_font_size_tablet=\u00bb\u00bb header_2_font_size_phone=\u00bb20px\u00bb header_2_font_size_last_edited=\u00bbon|phone\u00bb header_3_font_size_tablet=\u00bb\u00bb header_3_font_size_phone=\u00bb14px\u00bb header_3_font_size_last_edited=\u00bbon|phone\u00bb locked=\u00bboff\u00bb global_colors_info=\u00bb{}\u00bb]<\/p>\n<h2>Terapias<\/h2>\n<h3><span style=\"color: #dd8797\">Terapias que ayudan: cuerpo, mente, alma y esp\u00edritu<\/span><\/h3>\n<p>[\/et_pb_text][\/et_pb_column][\/et_pb_row][et_pb_row column_structure=\u00bb1_2,1_2&#8243; _builder_version=\u00bb4.16&#8243; global_colors_info=\u00bb{}\u00bb][et_pb_column type=\u00bb1_2&#8243; _builder_version=\u00bb4.16&#8243; custom_padding=\u00bb|||\u00bb global_colors_info=\u00bb{}\u00bb custom_padding__hover=\u00bb|||\u00bb][et_pb_toggle title=\u00bbTERAPIA METAF\u00cdSICA \u2013 BIOENERG\u00c9TICA\u00bb open_toggle_background_color=\u00bb#ffffff\u00bb closed_toggle_background_color=\u00bb#ffffff\u00bb icon_color=\u00bb#dd8797&#8243; open_icon_color=\u00bb#dd8797&#8243; _builder_version=\u00bb4.16&#8243; title_text_color=\u00bb#000000&#8243; title_font=\u00bb|700||on|||||\u00bb title_font_size=\u00bb11px\u00bb title_letter_spacing=\u00bb1px\u00bb title_line_height=\u00bb2em\u00bb custom_padding=\u00bb24px||24px||true\u00bb animation_style=\u00bbzoom\u00bb animation_intensity_zoom=\u00bb10%\u00bb border_radii=\u00bbon|10px|10px|10px|10px\u00bb border_width_all=\u00bb0px\u00bb global_colors_info=\u00bb{}\u00bb]<\/p>\n<p style=\"text-align: justify\">Consiste, siguiendo mi propio sistema terap\u00e9utico, en un masaje neuro-sedante en la espalda, seguido por una armonizaci\u00f3n de los chakras principales a trav\u00e9s de los elementos: Fuego, Agua, Tierra, Aire y \u00c9ter.<\/p>\n<p>[\/et_pb_toggle][et_pb_toggle title=\u00bbMASAJE NEURO-SEDANTE RELAJANTE\u00bb open_toggle_background_color=\u00bb#ffffff\u00bb closed_toggle_background_color=\u00bb#ffffff\u00bb icon_color=\u00bb#dd8797&#8243; open_icon_color=\u00bb#dd8797&#8243; _builder_version=\u00bb4.16&#8243; title_text_color=\u00bb#000000&#8243; title_font=\u00bb|700||on|||||\u00bb title_font_size=\u00bb11px\u00bb title_letter_spacing=\u00bb1px\u00bb title_line_height=\u00bb2em\u00bb custom_padding=\u00bb24px||24px||true\u00bb animation_style=\u00bbzoom\u00bb animation_intensity_zoom=\u00bb10%\u00bb border_radii=\u00bbon|10px|10px|10px|10px\u00bb border_width_all=\u00bb0px\u00bb global_colors_info=\u00bb{}\u00bb]<\/p>\n<p style=\"text-align: justify\">Es una t\u00e9cnica de relajaci\u00f3n a trav\u00e9s del masaje que act\u00faa en nuestro cuerpo f\u00edsico pero tambi\u00e9n a nivel emocional, mental y energ\u00e9tico. El objetivo principal es calmar y sedar el sistema nervioso central.<\/p>\n<p>[\/et_pb_toggle][\/et_pb_column][et_pb_column type=\u00bb1_2&#8243; _builder_version=\u00bb4.16&#8243; custom_padding=\u00bb|||\u00bb global_colors_info=\u00bb{}\u00bb custom_padding__hover=\u00bb|||\u00bb][et_pb_toggle title=\u00bbREFLEXOTERAPIA PODAL\u00bb open_toggle_background_color=\u00bb#ffffff\u00bb closed_toggle_background_color=\u00bb#ffffff\u00bb icon_color=\u00bb#dd8797&#8243; open_icon_color=\u00bb#dd8797&#8243; _builder_version=\u00bb4.16&#8243; title_text_color=\u00bb#000000&#8243; title_font=\u00bb|700||on|||||\u00bb title_font_size=\u00bb11px\u00bb title_letter_spacing=\u00bb1px\u00bb title_line_height=\u00bb2em\u00bb body_font=\u00bb||||||||\u00bb body_line_height=\u00bb2em\u00bb custom_padding=\u00bb24px||24px||true\u00bb animation_style=\u00bbzoom\u00bb animation_intensity_zoom=\u00bb10%\u00bb border_radii=\u00bbon|10px|10px|10px|10px\u00bb border_width_all=\u00bb0px\u00bb locked=\u00bboff\u00bb global_colors_info=\u00bb{}\u00bb]<\/p>\n<p style=\"text-align: justify\">La reflexoterapia podal es una terapia manual a trav\u00e9s de la cual se pueden tratar diferentes dolencias de nuestro organismo. Es una terapia en la que se manipulan puntos concretos del pie.\u00a0\u00a0<\/p>\n<p>[\/et_pb_toggle][et_pb_toggle title=\u00bbTERAPIA DE REIKI\u00bb open_toggle_background_color=\u00bb#ffffff\u00bb closed_toggle_background_color=\u00bb#ffffff\u00bb icon_color=\u00bb#dd8797&#8243; open_icon_color=\u00bb#dd8797&#8243; _builder_version=\u00bb4.16&#8243; title_text_color=\u00bb#000000&#8243; title_font=\u00bb|700||on|||||\u00bb title_font_size=\u00bb11px\u00bb title_letter_spacing=\u00bb1px\u00bb title_line_height=\u00bb2em\u00bb custom_padding=\u00bb24px||24px||true\u00bb animation_style=\u00bbzoom\u00bb animation_intensity_zoom=\u00bb10%\u00bb border_radii=\u00bbon|10px|10px|10px|10px\u00bb border_width_all=\u00bb0px\u00bb locked=\u00bboff\u00bb global_colors_info=\u00bb{}\u00bb]<\/p>\n<p style=\"text-align: justify\">Reiki es una t\u00e9cnica de canalizaci\u00f3n y de transmisi\u00f3n de energ\u00eda vital a trav\u00e9s de la imposici\u00f3n de manos. Se utiliza para obtener paz y equilibrio a todos los niveles: f\u00edsico, mental, emocional y espiritual.\u00a0\u00a0<\/p>\n<p>[\/et_pb_toggle][et_pb_toggle title=\u00bbTERAPIA DE armonizaci\u00f3n arcang\u00e9lica\u00bb open_toggle_background_color=\u00bb#ffffff\u00bb closed_toggle_background_color=\u00bb#ffffff\u00bb icon_color=\u00bb#dd8797&#8243; open_icon_color=\u00bb#dd8797&#8243; _builder_version=\u00bb4.21.2&#8243; title_text_color=\u00bb#000000&#8243; title_font=\u00bb|700||on|||||\u00bb title_font_size=\u00bb11px\u00bb title_letter_spacing=\u00bb1px\u00bb title_line_height=\u00bb2em\u00bb custom_padding=\u00bb24px||24px||true\u00bb animation_style=\u00bbzoom\u00bb animation_intensity_zoom=\u00bb10%\u00bb border_radii=\u00bbon|10px|10px|10px|10px\u00bb border_width_all=\u00bb0px\u00bb locked=\u00bboff\u00bb global_colors_info=\u00bb{}\u00bb]<\/p>\n<p style=\"text-align: justify\">Armonizaci\u00f3n de todos los chakras con el acompa\u00f1amiento de los \u00c1ngeles, Arc\u00e1ngeles y Arcangelinas, junto con los Rayos C\u00f3smicos.<\/p>\n<p>[\/et_pb_toggle][et_pb_toggle title=\u00bbLectura de Registros Ak\u00e1shicos\u00bb open_toggle_background_color=\u00bb#ffffff\u00bb closed_toggle_background_color=\u00bb#ffffff\u00bb icon_color=\u00bb#dd8797&#8243; open_icon_color=\u00bb#dd8797&#8243; _builder_version=\u00bb4.21.2&#8243; title_text_color=\u00bb#000000&#8243; title_font=\u00bb|700||on|||||\u00bb title_font_size=\u00bb11px\u00bb title_letter_spacing=\u00bb1px\u00bb title_line_height=\u00bb2em\u00bb custom_padding=\u00bb24px||24px||true\u00bb animation_style=\u00bbzoom\u00bb animation_intensity_zoom=\u00bb10%\u00bb border_radii=\u00bbon|10px|10px|10px|10px\u00bb border_width_all=\u00bb0px\u00bb locked=\u00bboff\u00bb global_colors_info=\u00bb{}\u00bb]<\/p>\n<p style=\"text-align: justify\">Los Registros Ak\u00e1shicos son como una \u00abBiblioteca Universal\u00bb en la que se almacena toda la informaci\u00f3n del pasado, presente y posibles futuros de cada alma. Por lo tanto, contienen toda la informaci\u00f3n de la historia de cada alma, de esta y otras vidas.<\/p>\n<p>[\/et_pb_toggle][\/et_pb_column][\/et_pb_row][\/et_pb_section][et_pb_section fb_built=\u00bb1&#8243; prev_background_color=\u00bb#f2f2f2&#8243; admin_label=\u00bbAbout\u00bb _builder_version=\u00bb4.16&#8243; background_color=\u00bb#fafafa\u00bb use_background_color_gradient=\u00bbon\u00bb background_color_gradient_stops=\u00bb#fafafa 0%|#ffffff 100%\u00bb background_color_gradient_start=\u00bb#fafafa\u00bb background_color_gradient_end=\u00bb#ffffff\u00bb background_enable_image=\u00bboff\u00bb background_size=\u00bbcontain\u00bb background_position=\u00bbbottom_right\u00bb background_blend=\u00bbmultiply\u00bb custom_margin=\u00bb||-4px|||\u00bb custom_padding=\u00bb10vw|||\u00bb top_divider_style=\u00bbwave\u00bb top_divider_height=\u00bb10vw\u00bb top_divider_repeat=\u00bb0.75x\u00bb locked=\u00bboff\u00bb global_colors_info=\u00bb{}\u00bb][et_pb_row column_structure=\u00bb1_2,1_2&#8243; _builder_version=\u00bb4.16&#8243; locked=\u00bboff\u00bb global_colors_info=\u00bb{}\u00bb][et_pb_column type=\u00bb1_2&#8243; _builder_version=\u00bb4.16&#8243; custom_padding=\u00bb|||\u00bb global_colors_info=\u00bb{}\u00bb custom_padding__hover=\u00bb|||\u00bb][et_pb_video src=\u00bbhttps:\/\/youtu.be\/b7AWWV_zHU8&#8243; image_src=\u00bbhttp:\/\/zaib.sandbox.etdevs.com\/divi\/wp-content\/uploads\/sites\/2\/2018\/09\/nutritionist-20.jpg\u00bb play_icon_color=\u00bb#ffffff\u00bb _builder_version=\u00bb4.16&#8243; border_radii=\u00bbon|10px|10px|10px|10px\u00bb box_shadow_style=\u00bbpreset1&#8243; box_shadow_vertical=\u00bb10px\u00bb box_shadow_blur=\u00bb60px\u00bb box_shadow_color=\u00bbrgba(1,33,92,0.1)\u00bb locked=\u00bboff\u00bb global_colors_info=\u00bb{}\u00bb][\/et_pb_video][\/et_pb_column][et_pb_column type=\u00bb1_2&#8243; _builder_version=\u00bb4.16&#8243; custom_padding=\u00bb|||\u00bb global_colors_info=\u00bb{}\u00bb custom_padding__hover=\u00bb|||\u00bb][et_pb_text _builder_version=\u00bb4.16&#8243; text_font=\u00bb||||||||\u00bb text_line_height=\u00bb2em\u00bb header_font=\u00bb||||||||\u00bb header_3_font=\u00bbMerriweather|700|||||||\u00bb header_3_font_size=\u00bb26px\u00bb header_3_line_height=\u00bb1.6em\u00bb header_3_font_size_tablet=\u00bb\u00bb header_3_font_size_phone=\u00bb20px\u00bb header_3_font_size_last_edited=\u00bbon|phone\u00bb locked=\u00bboff\u00bb global_colors_info=\u00bb{}\u00bb]<\/p>\n<h3>\u00a1Preparaci\u00f3n y organizaci\u00f3n del espacio para la realizaci\u00f3n de los talleres!<\/h3>\n<p style=\"text-align: justify\">Preparo los talleres con todo mi cari\u00f1o y afecto, cada detalle refleja parte de mi sensibilidad y las personas lo perciben.<\/p>\n<p style=\"text-align: justify\">Ver su expresi\u00f3n y agradecimiento cuando llegan a este espacio y sienten\u00a0 mi\u00a0 dedicaci\u00f3n\u2026 es un regalo.\u00a0<\/p>\n<p>[\/et_pb_text][\/et_pb_column][\/et_pb_row][\/et_pb_section][et_pb_section fb_built=\u00bb1&#8243; admin_label=\u00bbServices\u00bb _builder_version=\u00bb4.16&#8243; background_color=\u00bb#F9EBED\u00bb use_background_color_gradient=\u00bbon\u00bb background_color_gradient_stops=\u00bb#F9EBED 0%|rgba(0,0,0,0) 100%\u00bb background_color_gradient_start=\u00bb#F9EBED\u00bb background_color_gradient_end=\u00bbrgba(0,0,0,0)\u00bb background_enable_image=\u00bboff\u00bb background_position=\u00bbbottom_right\u00bb background_blend=\u00bbmultiply\u00bb min_height=\u00bb781px\u00bb custom_padding=\u00bb0vw||100px||false|false\u00bb top_divider_color=\u00bb#ffffff\u00bb top_divider_height=\u00bb10vw\u00bb top_divider_repeat=\u00bb0.75x\u00bb locked=\u00bboff\u00bb global_colors_info=\u00bb{}\u00bb][et_pb_row _builder_version=\u00bb4.16&#8243; locked=\u00bboff\u00bb global_colors_info=\u00bb{}\u00bb][et_pb_column type=\u00bb4_4&#8243; _builder_version=\u00bb4.16&#8243; custom_padding=\u00bb|||\u00bb global_colors_info=\u00bb{}\u00bb custom_padding__hover=\u00bb|||\u00bb][et_pb_text _builder_version=\u00bb4.16&#8243; text_font=\u00bbMerriweather|300|||||||\u00bb text_text_color=\u00bb#ffffff\u00bb text_line_height=\u00bb2em\u00bb ul_font=\u00bb||||||||\u00bb ol_font=\u00bb||||||||\u00bb header_font=\u00bb||||||||\u00bb header_2_font=\u00bbMerriweather|700|||||||\u00bb header_2_font_size=\u00bb36px\u00bb header_2_line_height=\u00bb1.6em\u00bb header_3_font=\u00bbMerriweather|700|||||||\u00bb header_3_text_color=\u00bb#ffc47c\u00bb header_3_font_size=\u00bb18px\u00bb header_3_line_height=\u00bb1.8em\u00bb header_4_font=\u00bb||||||||\u00bb header_5_font=\u00bb||||||||\u00bb header_6_font=\u00bb||||||||\u00bb text_orientation=\u00bbcenter\u00bb background_layout=\u00bbdark\u00bb header_2_font_size_tablet=\u00bb\u00bb header_2_font_size_phone=\u00bb20px\u00bb header_2_font_size_last_edited=\u00bbon|phone\u00bb header_3_font_size_tablet=\u00bb\u00bb header_3_font_size_phone=\u00bb14px\u00bb header_3_font_size_last_edited=\u00bbon|phone\u00bb locked=\u00bboff\u00bb global_colors_info=\u00bb{}\u00bb]<\/p>\n<h2><span style=\"color: #545a5f\">Talleres<\/span><\/h2>\n<h3 style=\"text-align: center\"><span style=\"color: #7c7c7c;font-size: medium\">En estos momentos imparto 2 Talleres presenciales:<br \/> Talleres de Iniciaci\u00f3n de Reiki: niveles 1, 2, 3 y Talleres de Llamas Sagradas.<br \/><\/span><\/h3>\n<p>[\/et_pb_text][\/et_pb_column][\/et_pb_row][et_pb_row column_structure=\u00bb1_2,1_2&#8243; _builder_version=\u00bb4.16&#8243; background_color=\u00bbrgba(0,0,0,0)\u00bb min_height=\u00bb640px\u00bb custom_padding=\u00bb30px|30px|30px|30px|true|true\u00bb border_radii=\u00bbon|10px|10px|10px|10px\u00bb locked=\u00bboff\u00bb global_colors_info=\u00bb{}\u00bb][et_pb_column type=\u00bb1_2&#8243; _builder_version=\u00bb4.16&#8243; background_color=\u00bbrgba(0,0,0,0)\u00bb custom_padding=\u00bb|||\u00bb global_colors_info=\u00bb{}\u00bb custom_padding__hover=\u00bb|||\u00bb][et_pb_blurb title=\u00bbTalleres de reiki\u00bb image=\u00bbhttps:\/\/martaterapeutavibracional.com\/wp-content\/uploads\/sites\/3\/2020\/04\/icone_reiki.png\u00bb _builder_version=\u00bb4.16&#8243; body_text_align=\u00bbjustify\u00bb background_color=\u00bb#ffffff\u00bb text_orientation=\u00bbcenter\u00bb min_height=\u00bb456px\u00bb custom_padding=\u00bb20px|20px|20px|20px|true|true\u00bb border_radii=\u00bbon|10px|10px|10px|10px\u00bb global_colors_info=\u00bb{}\u00bb]<\/p>\n<p style=\"text-align: justify\">Reiki es una palabra japonesa que significa energ\u00eda vital universal. Reiki se utiliza\u00a0 para hacer referencia a todo trabajo que se haga canalizando ENERG\u00cdA a trav\u00e9s de las manos. Todo es energ\u00eda.\u00a0<\/p>\n<p style=\"text-align: justify\">El reiki es una t\u00e9cnica de canalizaci\u00f3n de energ\u00eda curativa\/sanadora a trav\u00e9s de las manos. Es un sistema de reequilibrio energ\u00e9tico.<\/p>\n<p style=\"text-align: justify\">Cada trimestre imparto un taller de reiki presencial, de primer, segundo o tercer nivel. Tienen una duraci\u00f3n de un d\u00eda. Tambi\u00e9n cabe la posibilidad de hacerlo a distancia.<\/p>\n<p style=\"text-align: justify\">P\u00eddeme informaci\u00f3n para saber cu\u00e1ndo ser\u00e1 el pr\u00f3ximo nivel que har\u00e9.<\/p>\n<p>[\/et_pb_blurb][et_pb_button button_url=\u00bbhttps:\/\/martaterapeutavibracional.com\/es\/talleres-reiki-presencial\/\u00bb button_text=\u00bb+ informaci\u00f3n\u00bb button_alignment=\u00bbcenter\u00bb _builder_version=\u00bb4.16&#8243; custom_button=\u00bbon\u00bb button_text_size=\u00bb13px\u00bb button_text_color=\u00bb#ffffff\u00bb button_bg_color=\u00bb#DD8797&#8243; button_border_width=\u00bb0px\u00bb button_border_color=\u00bbrgba(0,0,0,0)\u00bb button_border_radius=\u00bb100px\u00bb button_letter_spacing=\u00bb2px\u00bb button_font=\u00bbMontserrat|500||on|||||\u00bb button_use_icon=\u00bboff\u00bb custom_margin=\u00bb-55px||||false|false\u00bb custom_padding=\u00bb16px|30px|20px|30px|false|false\u00bb button_letter_spacing_hover=\u00bb2px\u00bb locked=\u00bboff\u00bb global_colors_info=\u00bb{}\u00bb button_text_size__hover_enabled=\u00bboff\u00bb button_one_text_size__hover_enabled=\u00bboff\u00bb button_two_text_size__hover_enabled=\u00bboff\u00bb button_text_color__hover_enabled=\u00bboff\u00bb button_one_text_color__hover_enabled=\u00bboff\u00bb button_two_text_color__hover_enabled=\u00bboff\u00bb button_border_width__hover_enabled=\u00bboff\u00bb button_one_border_width__hover_enabled=\u00bboff\u00bb button_two_border_width__hover_enabled=\u00bboff\u00bb button_border_color__hover_enabled=\u00bboff\u00bb button_one_border_color__hover_enabled=\u00bboff\u00bb button_two_border_color__hover_enabled=\u00bboff\u00bb button_border_radius__hover_enabled=\u00bboff\u00bb button_one_border_radius__hover_enabled=\u00bboff\u00bb button_two_border_radius__hover_enabled=\u00bboff\u00bb button_letter_spacing__hover_enabled=\u00bbon\u00bb button_letter_spacing__hover=\u00bb2px\u00bb button_one_letter_spacing__hover_enabled=\u00bboff\u00bb button_two_letter_spacing__hover_enabled=\u00bboff\u00bb button_bg_color__hover_enabled=\u00bboff\u00bb button_one_bg_color__hover_enabled=\u00bboff\u00bb button_two_bg_color__hover_enabled=\u00bboff\u00bb][\/et_pb_button][\/et_pb_column][et_pb_column type=\u00bb1_2&#8243; _builder_version=\u00bb4.16&#8243; background_color=\u00bbrgba(0,0,0,0)\u00bb border_radii=\u00bbon|10px|10px|10px|10px\u00bb global_colors_info=\u00bb{}\u00bb custom_padding__hover=\u00bb|||\u00bb][et_pb_blurb title=\u00bbTalleres de llamas sagradas\u00bb image=\u00bbhttps:\/\/martaterapeutavibracional.com\/wp-content\/uploads\/sites\/3\/2020\/04\/Icone_Flames_sagrades.png\u00bb _builder_version=\u00bb4.16&#8243; body_text_align=\u00bbjustify\u00bb background_color=\u00bb#ffffff\u00bb text_orientation=\u00bbcenter\u00bb min_height=\u00bb479px\u00bb custom_padding=\u00bb20px|20px|40px|20px|false|true\u00bb border_radii=\u00bbon|10px|10px|10px|10px\u00bb global_colors_info=\u00bb{}\u00bb]<\/p>\n<p style=\"text-align: justify\">Las llamas sagradas son ENERG\u00cdAS inteligentes de muy alta vibraci\u00f3n\u00a0 que\u00a0 ayudan en muchos aspectos a nuestro ser; sobre todo para equilibrar las energ\u00edas de los diferentes chakras a trav\u00e9s del d\u00eda a d\u00eda, para tener m\u00e1s armon\u00eda, equilibrio y comprensi\u00f3n.<\/p>\n<p style=\"text-align: justify\">Son inteligentes porque cuando invocamos a estas llamas van trabajando dentro de nosotros.<\/p>\n<p style=\"text-align: justify\">Poco a poco, vamos abriendo nuestros canales para recibir una comprensi\u00f3n m\u00e1s profunda de nuestra existencia.<\/p>\n<p style=\"text-align: justify\">El \u00faltimo s\u00e1bado de cada mes, imparto un taller de llamas sagradas (rayos metaf\u00edsicos). Cada mes trabajamos una llama concreta. No es necesario haber empezado desde el principio, ya que cada llama es diferente y no hay una m\u00e1s importante que otra. P\u00eddeme informaci\u00f3n para saber qu\u00e9 llama se trabaja\u00a0 este mes.<\/p>\n<p>[\/et_pb_blurb][et_pb_button button_url=\u00bbhttps:\/\/martaterapeutavibracional.com\/es\/talleres-llamas-sagradas-presencial\/\u00bb button_text=\u00bb+ informaci\u00f3n\u00bb button_alignment=\u00bbcenter\u00bb _builder_version=\u00bb4.16&#8243; custom_button=\u00bbon\u00bb button_text_size=\u00bb13px\u00bb button_text_color=\u00bb#ffffff\u00bb button_bg_color=\u00bb#DD8797&#8243; button_border_width=\u00bb0px\u00bb button_border_color=\u00bbrgba(0,0,0,0)\u00bb button_border_radius=\u00bb100px\u00bb button_letter_spacing=\u00bb2px\u00bb button_font=\u00bbMontserrat|500||on|||||\u00bb button_use_icon=\u00bboff\u00bb custom_margin=\u00bb-55px||||false|false\u00bb custom_padding=\u00bb16px|30px|16px|30px|true|true\u00bb button_letter_spacing_hover=\u00bb2px\u00bb locked=\u00bboff\u00bb global_colors_info=\u00bb{}\u00bb button_text_size__hover_enabled=\u00bboff\u00bb button_one_text_size__hover_enabled=\u00bboff\u00bb button_two_text_size__hover_enabled=\u00bboff\u00bb button_text_color__hover_enabled=\u00bboff\u00bb button_one_text_color__hover_enabled=\u00bboff\u00bb button_two_text_color__hover_enabled=\u00bboff\u00bb button_border_width__hover_enabled=\u00bboff\u00bb button_one_border_width__hover_enabled=\u00bboff\u00bb button_two_border_width__hover_enabled=\u00bboff\u00bb button_border_color__hover_enabled=\u00bboff\u00bb button_one_border_color__hover_enabled=\u00bboff\u00bb button_two_border_color__hover_enabled=\u00bboff\u00bb button_border_radius__hover_enabled=\u00bboff\u00bb button_one_border_radius__hover_enabled=\u00bboff\u00bb button_two_border_radius__hover_enabled=\u00bboff\u00bb button_letter_spacing__hover_enabled=\u00bbon\u00bb button_letter_spacing__hover=\u00bb2px\u00bb button_one_letter_spacing__hover_enabled=\u00bboff\u00bb button_two_letter_spacing__hover_enabled=\u00bboff\u00bb button_bg_color__hover_enabled=\u00bboff\u00bb button_one_bg_color__hover_enabled=\u00bboff\u00bb button_two_bg_color__hover_enabled=\u00bboff\u00bb][\/et_pb_button][\/et_pb_column][\/et_pb_row][\/et_pb_section][et_pb_section fb_built=\u00bb1&#8243; admin_label=\u00bbFooter\u00bb _builder_version=\u00bb4.4.7&#8243; background_color=\u00bb#F2F2F2&#8243; background_image=\u00bbhttps:\/\/martaterapeutavibracional.com\/wp-content\/uploads\/sites\/3\/2020\/05\/fons_contacte_flors_terra.png\u00bb background_size=\u00bbcontain\u00bb max_width=\u00bb1220px\u00bb module_alignment=\u00bbcenter\u00bb custom_margin=\u00bb60px||60px||false|false\u00bb custom_padding=\u00bb|10%||10%|false|true\u00bb animation_style=\u00bbzoom\u00bb animation_intensity_zoom=\u00bb10%\u00bb border_radii=\u00bbon|15px|15px|15px|15px\u00bb global_module=\u00bb356&#8243; saved_tabs=\u00bball\u00bb locked=\u00bboff\u00bb global_colors_info=\u00bb{}\u00bb][et_pb_row _builder_version=\u00bb4.16&#8243; custom_padding=\u00bb30px||30px||true\u00bb global_colors_info=\u00bb{}\u00bb][et_pb_column type=\u00bb4_4&#8243; _builder_version=\u00bb4.16&#8243; background_color=\u00bbrgba(0,0,0,0)\u00bb custom_padding=\u00bb|||\u00bb border_radii=\u00bbon|10px|10px|10px|10px\u00bb global_colors_info=\u00bb{}\u00bb custom_padding__hover=\u00bb|||\u00bb][et_pb_text _builder_version=\u00bb4.16&#8243; text_font=\u00bb||||||||\u00bb text_line_height=\u00bb2em\u00bb header_font=\u00bb||||||||\u00bb header_3_font=\u00bbMerriweather|700|||||||\u00bb header_3_font_size=\u00bb30px\u00bb header_3_line_height=\u00bb1.6em\u00bb header_4_font=\u00bbMerriweather|700|||||||\u00bb header_4_text_color=\u00bb#15c39a\u00bb header_4_line_height=\u00bb1.8em\u00bb background_color=\u00bbrgba(0,0,0,0)\u00bb text_orientation=\u00bbcenter\u00bb max_width=\u00bb500px\u00bb module_alignment=\u00bbcenter\u00bb header_3_font_size_tablet=\u00bb\u00bb header_3_font_size_phone=\u00bb16px\u00bb header_3_font_size_last_edited=\u00bbon|desktop\u00bb header_4_font_size_tablet=\u00bb\u00bb header_4_font_size_phone=\u00bb14px\u00bb header_4_font_size_last_edited=\u00bbon|phone\u00bb locked=\u00bboff\u00bb global_colors_info=\u00bb{}\u00bb]<\/p>\n<h3>Contacto<\/h3>\n<p style=\"text-align: center\">Desde este formulario, puedes enviarme cualquier comentario,<br \/> idea o sugerencia y tambi\u00e9n puedes ponerte en contacto conmigo<br \/> llamando al 647 713 377.<\/p>\n<p>[\/et_pb_text][\/et_pb_column][\/et_pb_row][et_pb_row column_structure=\u00bb1_3,1_3,1_3&#8243; _builder_version=\u00bb4.16&#8243; background_color=\u00bbrgba(0,0,0,0)\u00bb width=\u00bb100%\u00bb module_alignment=\u00bbcenter\u00bb custom_padding=\u00bb30px||30px||true\u00bb global_colors_info=\u00bb{}\u00bb][et_pb_column type=\u00bb1_3&#8243; _builder_version=\u00bb4.16&#8243; background_color=\u00bbrgba(0,0,0,0)\u00bb custom_padding=\u00bb|||\u00bb border_radii=\u00bbon|10px|10px|10px|10px\u00bb global_colors_info=\u00bb{}\u00bb custom_padding__hover=\u00bb|||\u00bb][et_pb_blurb title=\u00bbCORREO ELECTR\u00d3NICO\u00bb url=\u00bbhttp:\/\/info@martaterapeutavibracional.com\u00bb image=\u00bbhttps:\/\/martaterapeutavibracional.com\/wp-content\/uploads\/sites\/3\/2020\/05\/Icone_mail.png\u00bb content_max_width=\u00bb300px\u00bb _builder_version=\u00bb4.16&#8243; header_level=\u00bbh5&#8243; header_font=\u00bb|700||on|||||\u00bb header_text_align=\u00bbcenter\u00bb header_text_color=\u00bb#000000&#8243; header_font_size=\u00bb14px\u00bb header_letter_spacing=\u00bb1px\u00bb header_line_height=\u00bb2em\u00bb body_line_height=\u00bb1.6em\u00bb background_color=\u00bbrgba(0,0,0,0)\u00bb custom_padding=\u00bb|||\u00bb animation=\u00bboff\u00bb border_radii=\u00bbon|10px|10px|10px|10px\u00bb locked=\u00bboff\u00bb global_colors_info=\u00bb{}\u00bb]<\/p>\n<p style=\"text-align: center\">info@martaterapeutavibracional.com<\/p>\n<p>[\/et_pb_blurb][\/et_pb_column][et_pb_column type=\u00bb1_3&#8243; _builder_version=\u00bb4.16&#8243; background_color=\u00bbrgba(0,0,0,0)\u00bb custom_padding=\u00bb|||\u00bb border_radii=\u00bbon|10px|10px|10px|10px\u00bb global_colors_info=\u00bb{}\u00bb custom_padding__hover=\u00bb|||\u00bb][et_pb_blurb title=\u00bbLL\u00c1MAME\u00bb url=\u00bbhttp:\/\/info@martaterapeutavibracional.com\u00bb image=\u00bbhttps:\/\/martaterapeutavibracional.com\/wp-content\/uploads\/sites\/3\/2020\/05\/icone_telefon-45px.png\u00bb content_max_width=\u00bb300px\u00bb _builder_version=\u00bb4.16&#8243; header_level=\u00bbh5&#8243; header_font=\u00bb|700||on|||||\u00bb header_text_align=\u00bbcenter\u00bb header_text_color=\u00bb#000000&#8243; header_font_size=\u00bb14px\u00bb header_letter_spacing=\u00bb1px\u00bb header_line_height=\u00bb2em\u00bb body_line_height=\u00bb1.6em\u00bb background_color=\u00bbrgba(0,0,0,0)\u00bb custom_padding=\u00bb|||\u00bb animation=\u00bboff\u00bb border_radii=\u00bbon|10px|10px|10px|10px\u00bb locked=\u00bboff\u00bb global_colors_info=\u00bb{}\u00bb]<\/p>\n<p style=\"text-align: center\">(+34) 647 713 377<\/p>\n<p>[\/et_pb_blurb][\/et_pb_column][et_pb_column type=\u00bb1_3&#8243; _builder_version=\u00bb4.16&#8243; background_color=\u00bbrgba(0,0,0,0)\u00bb custom_padding=\u00bb|||\u00bb border_radii=\u00bbon|10px|10px|10px|10px\u00bb global_colors_info=\u00bb{}\u00bb custom_padding__hover=\u00bb|||\u00bb][et_pb_blurb title=\u00bbVIS\u00cdTAME\u00bb url=\u00bbhttp:\/\/info@martaterapeutavibracional.com\u00bb image=\u00bbhttps:\/\/martaterapeutavibracional.com\/wp-content\/uploads\/sites\/3\/2020\/05\/Icone_adrec\u0327a-45px-1.png\u00bb content_max_width=\u00bb300px\u00bb _builder_version=\u00bb4.16&#8243; header_level=\u00bbh5&#8243; header_font=\u00bb|700||on|||||\u00bb header_text_align=\u00bbcenter\u00bb header_text_color=\u00bb#000000&#8243; header_font_size=\u00bb14px\u00bb header_letter_spacing=\u00bb1px\u00bb header_line_height=\u00bb2em\u00bb body_line_height=\u00bb1.6em\u00bb background_enable_color=\u00bboff\u00bb custom_padding=\u00bb|||\u00bb animation=\u00bboff\u00bb border_radii=\u00bbon|10px|10px|10px|10px\u00bb locked=\u00bboff\u00bb global_colors_info=\u00bb{}\u00bb]<\/p>\n<p style=\"text-align: center\">Carrer Sant Esteve, 16<br \/> 17462 Madremanya &#8211; Girona<\/p>\n<p>[\/et_pb_blurb][\/et_pb_column][\/et_pb_row][et_pb_row _builder_version=\u00bb4.16&#8243; custom_padding=\u00bb30px||30px||true\u00bb locked=\u00bboff\u00bb global_colors_info=\u00bb{}\u00bb][et_pb_column type=\u00bb4_4&#8243; _builder_version=\u00bb4.16&#8243; background_color=\u00bbrgba(0,0,0,0)\u00bb custom_padding=\u00bb|||\u00bb border_radii=\u00bbon|10px|10px|10px|10px\u00bb global_colors_info=\u00bb{}\u00bb custom_padding__hover=\u00bb|||\u00bb][et_pb_button button_url=\u00bbhttps:\/\/martaterapeutavibracional.com\/contacto\/\u00bb button_text=\u00bbcontacta\u00bb button_alignment=\u00bbcenter\u00bb _builder_version=\u00bb4.16&#8243; custom_button=\u00bbon\u00bb button_text_size=\u00bb13px\u00bb button_text_color=\u00bb#ffffff\u00bb button_bg_color=\u00bb#7ac6bb\u00bb button_border_width=\u00bb0px\u00bb button_border_color=\u00bbrgba(0,0,0,0)\u00bb button_border_radius=\u00bb100px\u00bb button_letter_spacing=\u00bb2px\u00bb button_font=\u00bbMontserrat|500||on|||||\u00bb button_use_icon=\u00bboff\u00bb custom_margin=\u00bb|||\u00bb custom_padding=\u00bb16px|30px|16px|30px|true|true\u00bb box_shadow_style=\u00bbpreset1&#8243; box_shadow_vertical=\u00bb10px\u00bb box_shadow_blur=\u00bb20px\u00bb box_shadow_color=\u00bbrgba(0,0,0,0)\u00bb button_letter_spacing_hover=\u00bb2px\u00bb locked=\u00bboff\u00bb global_colors_info=\u00bb{}\u00bb button_text_size__hover_enabled=\u00bboff\u00bb button_one_text_size__hover_enabled=\u00bboff\u00bb button_two_text_size__hover_enabled=\u00bboff\u00bb button_text_color__hover_enabled=\u00bboff\u00bb button_one_text_color__hover_enabled=\u00bboff\u00bb button_two_text_color__hover_enabled=\u00bboff\u00bb button_border_width__hover_enabled=\u00bboff\u00bb button_one_border_width__hover_enabled=\u00bboff\u00bb button_two_border_width__hover_enabled=\u00bboff\u00bb button_border_color__hover_enabled=\u00bboff\u00bb button_one_border_color__hover_enabled=\u00bboff\u00bb button_two_border_color__hover_enabled=\u00bboff\u00bb button_border_radius__hover_enabled=\u00bboff\u00bb button_one_border_radius__hover_enabled=\u00bboff\u00bb button_two_border_radius__hover_enabled=\u00bboff\u00bb button_letter_spacing__hover_enabled=\u00bbon\u00bb button_letter_spacing__hover=\u00bb2px\u00bb button_one_letter_spacing__hover_enabled=\u00bboff\u00bb button_two_letter_spacing__hover_enabled=\u00bboff\u00bb button_bg_color__hover_enabled=\u00bboff\u00bb button_one_bg_color__hover_enabled=\u00bboff\u00bb button_two_bg_color__hover_enabled=\u00bboff\u00bb][\/et_pb_button][\/et_pb_column][\/et_pb_row][\/et_pb_section]<\/p>\n","protected":false},"excerpt":{"rendered":"<p>TERAPEUTA VIBRACIONALCreado para todas aquellas personas que por diversos motivos, se sienten con la necesidad f\u00edsica o emocional de hacer un proceso terap\u00e9utico sin salir de su hogar.TALLERES PRESENCIALES Y A DISTANCIATERAPIAS HOL\u00cdSTICAS: CUERPO, MENTE Y ESP\u00cdRITU\u201cEl amor es la esencia de la Vida. Quien lo conoce, sabe el verdadero valor de la existencia\u201d. Mi [&hellip;]<\/p>\n","protected":false},"author":1,"featured_media":0,"parent":0,"menu_order":0,"comment_status":"closed","ping_status":"closed","template":"","meta":{"_et_pb_use_builder":"on","_et_pb_old_content":"","_et_gb_content_width":"","footnotes":""},"class_list":["post-9","page","type-page","status-publish","hentry"],"yoast_head":"<!-- This site is optimized with the Yoast SEO plugin v25.6 - https:\/\/yoast.com\/wordpress\/plugins\/seo\/ -->\n<title>Inicio - Marta Terapeuta Vibracional<\/title>\n<meta name=\"robots\" content=\"index, follow, max-snippet:-1, max-image-preview:large, max-video-preview:-1\" \/>\n<link rel=\"canonical\" href=\"https:\/\/martaterapeutavibracional.com\/es\/\" \/>\n<meta property=\"og:locale\" content=\"es_ES\" \/>\n<meta property=\"og:type\" content=\"article\" \/>\n<meta property=\"og:title\" content=\"Inicio - Marta Terapeuta Vibracional\" \/>\n<meta property=\"og:description\" content=\"TERAPEUTA VIBRACIONALCreado para todas aquellas personas que por diversos motivos, se sienten con la necesidad f\u00edsica o emocional de hacer un proceso terap\u00e9utico sin salir de su hogar.TALLERES PRESENCIALES Y A DISTANCIATERAPIAS HOL\u00cdSTICAS: CUERPO, MENTE Y ESP\u00cdRITU\u201cEl amor es la esencia de la Vida. Quien lo conoce, sabe el verdadero valor de la existencia\u201d. Mi [&hellip;]\" \/>\n<meta property=\"og:url\" content=\"https:\/\/martaterapeutavibracional.com\/es\/\" \/>\n<meta property=\"og:site_name\" content=\"Marta Terapeuta Vibracional\" \/>\n<meta property=\"article:modified_time\" content=\"2026-02-25T12:55:18+00:00\" \/>\n<meta name=\"twitter:card\" content=\"summary_large_image\" \/>\n<meta name=\"twitter:label1\" content=\"Tiempo de lectura\" \/>\n\t<meta name=\"twitter:data1\" content=\"34 minutos\" \/>\n<script type=\"application\/ld+json\" class=\"yoast-schema-graph\">{\"@context\":\"https:\/\/schema.org\",\"@graph\":[{\"@type\":\"WebPage\",\"@id\":\"https:\/\/martaterapeutavibracional.com\/es\/\",\"url\":\"https:\/\/martaterapeutavibracional.com\/es\/\",\"name\":\"Inicio - Marta Terapeuta Vibracional\",\"isPartOf\":{\"@id\":\"https:\/\/martaterapeutavibracional.com\/es\/#website\"},\"datePublished\":\"2020-04-17T13:10:53+00:00\",\"dateModified\":\"2026-02-25T12:55:18+00:00\",\"breadcrumb\":{\"@id\":\"https:\/\/martaterapeutavibracional.com\/es\/#breadcrumb\"},\"inLanguage\":\"es\",\"potentialAction\":[{\"@type\":\"ReadAction\",\"target\":[\"https:\/\/martaterapeutavibracional.com\/es\/\"]}]},{\"@type\":\"BreadcrumbList\",\"@id\":\"https:\/\/martaterapeutavibracional.com\/es\/#breadcrumb\",\"itemListElement\":[{\"@type\":\"ListItem\",\"position\":1,\"name\":\"Inici\",\"item\":\"https:\/\/martaterapeutavibracional.com\/es\/\"},{\"@type\":\"ListItem\",\"position\":2,\"name\":\"Inicio\"}]},{\"@type\":\"WebSite\",\"@id\":\"https:\/\/martaterapeutavibracional.com\/es\/#website\",\"url\":\"https:\/\/martaterapeutavibracional.com\/es\/\",\"name\":\"Marta Terapeuta Vibracional\",\"description\":\"Ter\u00e0pies vibracionals Marta\",\"potentialAction\":[{\"@type\":\"SearchAction\",\"target\":{\"@type\":\"EntryPoint\",\"urlTemplate\":\"https:\/\/martaterapeutavibracional.com\/es\/?s={search_term_string}\"},\"query-input\":{\"@type\":\"PropertyValueSpecification\",\"valueRequired\":true,\"valueName\":\"search_term_string\"}}],\"inLanguage\":\"es\"}]}<\/script>\n<!-- \/ Yoast SEO plugin. -->","yoast_head_json":{"title":"Inicio - Marta Terapeuta Vibracional","robots":{"index":"index","follow":"follow","max-snippet":"max-snippet:-1","max-image-preview":"max-image-preview:large","max-video-preview":"max-video-preview:-1"},"canonical":"https:\/\/martaterapeutavibracional.com\/es\/","og_locale":"es_ES","og_type":"article","og_title":"Inicio - Marta Terapeuta Vibracional","og_description":"TERAPEUTA VIBRACIONALCreado para todas aquellas personas que por diversos motivos, se sienten con la necesidad f\u00edsica o emocional de hacer un proceso terap\u00e9utico sin salir de su hogar.TALLERES PRESENCIALES Y A DISTANCIATERAPIAS HOL\u00cdSTICAS: CUERPO, MENTE Y ESP\u00cdRITU\u201cEl amor es la esencia de la Vida. Quien lo conoce, sabe el verdadero valor de la existencia\u201d. Mi [&hellip;]","og_url":"https:\/\/martaterapeutavibracional.com\/es\/","og_site_name":"Marta Terapeuta Vibracional","article_modified_time":"2026-02-25T12:55:18+00:00","twitter_card":"summary_large_image","twitter_misc":{"Tiempo de lectura":"34 minutos"},"schema":{"@context":"https:\/\/schema.org","@graph":[{"@type":"WebPage","@id":"https:\/\/martaterapeutavibracional.com\/es\/","url":"https:\/\/martaterapeutavibracional.com\/es\/","name":"Inicio - Marta Terapeuta Vibracional","isPartOf":{"@id":"https:\/\/martaterapeutavibracional.com\/es\/#website"},"datePublished":"2020-04-17T13:10:53+00:00","dateModified":"2026-02-25T12:55:18+00:00","breadcrumb":{"@id":"https:\/\/martaterapeutavibracional.com\/es\/#breadcrumb"},"inLanguage":"es","potentialAction":[{"@type":"ReadAction","target":["https:\/\/martaterapeutavibracional.com\/es\/"]}]},{"@type":"BreadcrumbList","@id":"https:\/\/martaterapeutavibracional.com\/es\/#breadcrumb","itemListElement":[{"@type":"ListItem","position":1,"name":"Inici","item":"https:\/\/martaterapeutavibracional.com\/es\/"},{"@type":"ListItem","position":2,"name":"Inicio"}]},{"@type":"WebSite","@id":"https:\/\/martaterapeutavibracional.com\/es\/#website","url":"https:\/\/martaterapeutavibracional.com\/es\/","name":"Marta Terapeuta Vibracional","description":"Ter\u00e0pies vibracionals Marta","potentialAction":[{"@type":"SearchAction","target":{"@type":"EntryPoint","urlTemplate":"https:\/\/martaterapeutavibracional.com\/es\/?s={search_term_string}"},"query-input":{"@type":"PropertyValueSpecification","valueRequired":true,"valueName":"search_term_string"}}],"inLanguage":"es"}]}},"jetpack_sharing_enabled":true,"_links":{"self":[{"href":"https:\/\/martaterapeutavibracional.com\/es\/wp-json\/wp\/v2\/pages\/9"}],"collection":[{"href":"https:\/\/martaterapeutavibracional.com\/es\/wp-json\/wp\/v2\/pages"}],"about":[{"href":"https:\/\/martaterapeutavibracional.com\/es\/wp-json\/wp\/v2\/types\/page"}],"author":[{"embeddable":true,"href":"https:\/\/martaterapeutavibracional.com\/es\/wp-json\/wp\/v2\/users\/1"}],"replies":[{"embeddable":true,"href":"https:\/\/martaterapeutavibracional.com\/es\/wp-json\/wp\/v2\/comments?post=9"}],"version-history":[{"count":242,"href":"https:\/\/martaterapeutavibracional.com\/es\/wp-json\/wp\/v2\/pages\/9\/revisions"}],"predecessor-version":[{"id":2121,"href":"https:\/\/martaterapeutavibracional.com\/es\/wp-json\/wp\/v2\/pages\/9\/revisions\/2121"}],"wp:attachment":[{"href":"https:\/\/martaterapeutavibracional.com\/es\/wp-json\/wp\/v2\/media?parent=9"}],"curies":[{"name":"wp","href":"https:\/\/api.w.org\/{rel}","templated":true}]}}