{"id":42,"date":"2020-04-17T13:15:51","date_gmt":"2020-04-17T13:15:51","guid":{"rendered":"http:\/\/martaterapeutavibracional.com\/?page_id=42"},"modified":"2021-11-04T11:17:34","modified_gmt":"2021-11-04T11:17:34","slug":"contacto","status":"publish","type":"page","link":"https:\/\/martaterapeutavibracional.com\/es\/contacto\/","title":{"rendered":"contacto"},"content":{"rendered":"<p>[et_pb_section fb_built=\u00bb1&#8243; specialty=\u00bbon\u00bb admin_label=\u00bbHeader\u00bb _builder_version=\u00bb4.4.3&#8243; background_image=\u00bbhttp:\/\/martaterapeutavibracional.com\/wp-content\/uploads\/2020\/04\/flors_contacta_3.png\u00bb background_size=\u00bbinitial\u00bb background_position=\u00bbtop_right\u00bb width=\u00bb100%\u00bb bottom_divider_style=\u00bbwave\u00bb bottom_divider_color=\u00bb#d0ddef\u00bb bottom_divider_height=\u00bb10vw\u00bb bottom_divider_flip=\u00bbhorizontal\u00bb border_color_all=\u00bbrgba(0,0,0,0)\u00bb global_colors_info=\u00bb{}\u00bb][et_pb_column type=\u00bb1_2&#8243; _builder_version=\u00bb3.25&#8243; custom_padding=\u00bb|||\u00bb global_colors_info=\u00bb{}\u00bb custom_padding__hover=\u00bb|||\u00bb][et_pb_text _builder_version=\u00bb4.4.7&#8243; text_font=\u00bb||||||||\u00bb text_line_height=\u00bb2em\u00bb header_font=\u00bbMontserrat|500||on|||||\u00bb header_font_size=\u00bb18px\u00bb header_letter_spacing=\u00bb5px\u00bb header_line_height=\u00bb1.5em\u00bb header_2_font=\u00bbMerriweather||||||||\u00bb header_2_font_size=\u00bb50px\u00bb header_2_line_height=\u00bb1.4em\u00bb header_3_font=\u00bb||||||||\u00bb header_4_font=\u00bb||||||||\u00bb header_5_font=\u00bb||||||||\u00bb header_6_font=\u00bb||||||||\u00bb header_font_size_tablet=\u00bb\u00bb header_font_size_phone=\u00bb12px\u00bb header_font_size_last_edited=\u00bbon|desktop\u00bb header_2_font_size_tablet=\u00bb50px\u00bb header_2_font_size_phone=\u00bb30px\u00bb header_2_font_size_last_edited=\u00bbon|desktop\u00bb locked=\u00bboff\u00bb global_colors_info=\u00bb{}\u00bb]<\/p>\n<h2>Contacto<\/h2>\n<h1>ESTOY AQU\u00cd PARA ACOMPA\u00d1ARTE EN TU PROCESO<\/h1>\n<p style=\"text-align: justify;\">Contacta conmigo por tel\u00e9fono o correo electr\u00f3nico y me comunicar\u00e9 contigo lo antes posible. Tambi\u00e9n puedes utilizar el formulario de esta p\u00e1gina para hacerme llegar tus comentarios.<\/p>\n<p>[\/et_pb_text][et_pb_blurb title=\u00bbMAIL\u00bb use_icon=\u00bbon\u00bb font_icon=\u00bb%%238%%\u00bb icon_color=\u00bb#ffffff\u00bb use_circle=\u00bbon\u00bb circle_color=\u00bb#dd8797&#8243; icon_placement=\u00bbleft\u00bb content_max_width=\u00bb1100px\u00bb _builder_version=\u00bb4.4.7&#8243; header_level=\u00bbh5&#8243; header_font=\u00bb|700||on|||||\u00bb header_text_color=\u00bb#000000&#8243; header_font_size=\u00bb11px\u00bb header_letter_spacing=\u00bb1px\u00bb header_line_height=\u00bb2em\u00bb body_font_size=\u00bb12px\u00bb body_line_height=\u00bb1.6em\u00bb custom_padding=\u00bb|||\u00bb animation=\u00bboff\u00bb border_radii=\u00bbon|10px|10px|10px|10px\u00bb locked=\u00bboff\u00bb global_colors_info=\u00bb{}\u00bb]<\/p>\n<p>info@martaterapeutavibracional.com<\/p>\n<p>[\/et_pb_blurb][et_pb_blurb title=\u00bbLL\u00c1MAME \u00bb use_icon=\u00bbon\u00bb font_icon=\u00bb%%264%%\u00bb icon_color=\u00bb#ffffff\u00bb use_circle=\u00bbon\u00bb circle_color=\u00bb#7ac6bb\u00bb icon_placement=\u00bbleft\u00bb content_max_width=\u00bb1100px\u00bb _builder_version=\u00bb4.4.7&#8243; header_level=\u00bbh5&#8243; header_font=\u00bb|700||on|||||\u00bb header_text_color=\u00bb#000000&#8243; header_font_size=\u00bb11px\u00bb header_letter_spacing=\u00bb1px\u00bb header_line_height=\u00bb2em\u00bb body_font_size=\u00bb12px\u00bb body_line_height=\u00bb1.6em\u00bb custom_padding=\u00bb|||\u00bb animation=\u00bboff\u00bb border_radii=\u00bbon|10px|10px|10px|10px\u00bb locked=\u00bboff\u00bb global_colors_info=\u00bb{}\u00bb]<\/p>\n<p>(+34)\u00a0647 713 377<\/p>\n<p>[\/et_pb_blurb][et_pb_blurb title=\u00bbVIS\u00cdTAME\u00bb use_icon=\u00bbon\u00bb font_icon=\u00bb%%249%%\u00bb icon_color=\u00bb#ffffff\u00bb use_circle=\u00bbon\u00bb circle_color=\u00bb#89a8d8&#8243; icon_placement=\u00bbleft\u00bb content_max_width=\u00bb1100px\u00bb _builder_version=\u00bb4.4.7&#8243; header_level=\u00bbh5&#8243; header_font=\u00bb|700||on|||||\u00bb header_text_color=\u00bb#000000&#8243; header_font_size=\u00bb11px\u00bb header_letter_spacing=\u00bb1px\u00bb header_line_height=\u00bb2em\u00bb body_font_size=\u00bb12px\u00bb body_line_height=\u00bb1.6em\u00bb custom_padding=\u00bb|||\u00bb animation=\u00bboff\u00bb border_radii=\u00bbon|10px|10px|10px|10px\u00bb locked=\u00bboff\u00bb global_colors_info=\u00bb{}\u00bb]<\/p>\n<p>Carrer Sant Esteve, 16 &#8211; 17462\u00a0 Madremanya &#8211; Girona<\/p>\n<p>[\/et_pb_blurb][\/et_pb_column][et_pb_column type=\u00bb1_2&#8243; specialty_columns=\u00bb2&#8243; _builder_version=\u00bb3.25&#8243; custom_padding=\u00bb|||\u00bb global_colors_info=\u00bb{}\u00bb custom_padding__hover=\u00bb|||\u00bb][et_pb_row_inner _builder_version=\u00bb4.4.3&#8243; background_color=\u00bb#ffffff\u00bb custom_padding=\u00bb50px|40px|50px|40px|true|true\u00bb animation_style=\u00bbzoom\u00bb animation_intensity_zoom=\u00bb20%\u00bb border_radii=\u00bbon|24px|24px|24px|24px\u00bb box_shadow_style=\u00bbpreset1&#8243; box_shadow_vertical=\u00bb90px\u00bb box_shadow_blur=\u00bb160px\u00bb box_shadow_color=\u00bbrgba(0,0,0,0.06)\u00bb global_colors_info=\u00bb{}\u00bb][et_pb_column_inner saved_specialty_column_type=\u00bb1_2&#8243; _builder_version=\u00bb3.25&#8243; custom_padding=\u00bb|||\u00bb global_colors_info=\u00bb{}\u00bb custom_padding__hover=\u00bb|||\u00bb][et_pb_contact_form email=\u00bbinfo@martaterapeutavibracional.com\u00bb submit_button_text=\u00bbEnviar\u00bb module_id=\u00bbet_pb_contact_form_0&#8243; _builder_version=\u00bb4.5.1&#8243; form_field_background_color=\u00bb#f8fafe\u00bb form_field_font=\u00bb||||||||\u00bb custom_button=\u00bbon\u00bb button_text_size=\u00bb13px\u00bb button_text_color=\u00bb#ffffff\u00bb button_bg_color=\u00bb#7ac6bb\u00bb button_border_width=\u00bb10px\u00bb button_border_color=\u00bbrgba(0,0,0,0)\u00bb button_border_radius=\u00bb100px\u00bb button_letter_spacing=\u00bb2px\u00bb button_font=\u00bbMontserrat|500||on|||||\u00bb button_use_icon=\u00bboff\u00bb custom_padding=\u00bb|||\u00bb animation_style=\u00bbfade\u00bb animation_duration=\u00bb1200ms\u00bb link_option_url=\u00bbinfo@martaterapeutavibracional.com\u00bb border_radii=\u00bbon|5px|5px|5px|5px\u00bb form_background_color=\u00bb#f8fafe\u00bb locked=\u00bboff\u00bb global_colors_info=\u00bb{}\u00bb button_letter_spacing_hover=\u00bb2px\u00bb][et_pb_contact_field field_id=\u00bbNombre\u00bb field_title=\u00bbNombre\u00bb fullwidth_field=\u00bbon\u00bb _builder_version=\u00bb4.4.7&#8243; custom_margin=\u00bb|||\u00bb global_colors_info=\u00bb{}\u00bb button_text_size__hover_enabled=\u00bboff\u00bb button_one_text_size__hover_enabled=\u00bboff\u00bb button_two_text_size__hover_enabled=\u00bboff\u00bb button_text_color__hover_enabled=\u00bboff\u00bb button_one_text_color__hover_enabled=\u00bboff\u00bb button_two_text_color__hover_enabled=\u00bboff\u00bb button_border_width__hover_enabled=\u00bboff\u00bb button_one_border_width__hover_enabled=\u00bboff\u00bb button_two_border_width__hover_enabled=\u00bboff\u00bb button_border_color__hover_enabled=\u00bboff\u00bb button_one_border_color__hover_enabled=\u00bboff\u00bb button_two_border_color__hover_enabled=\u00bboff\u00bb button_border_radius__hover_enabled=\u00bboff\u00bb button_one_border_radius__hover_enabled=\u00bboff\u00bb button_two_border_radius__hover_enabled=\u00bboff\u00bb button_letter_spacing__hover_enabled=\u00bboff\u00bb button_one_letter_spacing__hover_enabled=\u00bboff\u00bb button_two_letter_spacing__hover_enabled=\u00bboff\u00bb button_bg_color__hover_enabled=\u00bboff\u00bb button_one_bg_color__hover_enabled=\u00bboff\u00bb button_two_bg_color__hover_enabled=\u00bboff\u00bb][\/et_pb_contact_field][et_pb_contact_field field_id=\u00bbMail\u00bb field_title=\u00bbCorreo electr\u00f3nico\u00bb field_type=\u00bbemail\u00bb fullwidth_field=\u00bbon\u00bb _builder_version=\u00bb4.4.7&#8243; custom_margin=\u00bb|||\u00bb global_colors_info=\u00bb{}\u00bb button_text_size__hover_enabled=\u00bboff\u00bb button_one_text_size__hover_enabled=\u00bboff\u00bb button_two_text_size__hover_enabled=\u00bboff\u00bb button_text_color__hover_enabled=\u00bboff\u00bb button_one_text_color__hover_enabled=\u00bboff\u00bb button_two_text_color__hover_enabled=\u00bboff\u00bb button_border_width__hover_enabled=\u00bboff\u00bb button_one_border_width__hover_enabled=\u00bboff\u00bb button_two_border_width__hover_enabled=\u00bboff\u00bb button_border_color__hover_enabled=\u00bboff\u00bb button_one_border_color__hover_enabled=\u00bboff\u00bb button_two_border_color__hover_enabled=\u00bboff\u00bb button_border_radius__hover_enabled=\u00bboff\u00bb button_one_border_radius__hover_enabled=\u00bboff\u00bb button_two_border_radius__hover_enabled=\u00bboff\u00bb button_letter_spacing__hover_enabled=\u00bboff\u00bb button_one_letter_spacing__hover_enabled=\u00bboff\u00bb button_two_letter_spacing__hover_enabled=\u00bboff\u00bb button_bg_color__hover_enabled=\u00bboff\u00bb button_one_bg_color__hover_enabled=\u00bboff\u00bb button_two_bg_color__hover_enabled=\u00bboff\u00bb][\/et_pb_contact_field][et_pb_contact_field field_id=\u00bbTel\u00e9fono\u00bb field_title=\u00bbTel\u00e9fono\u00bb fullwidth_field=\u00bbon\u00bb _builder_version=\u00bb4.4.7&#8243; custom_margin=\u00bb|||\u00bb global_colors_info=\u00bb{}\u00bb button_text_size__hover_enabled=\u00bboff\u00bb button_one_text_size__hover_enabled=\u00bboff\u00bb button_two_text_size__hover_enabled=\u00bboff\u00bb button_text_color__hover_enabled=\u00bboff\u00bb button_one_text_color__hover_enabled=\u00bboff\u00bb button_two_text_color__hover_enabled=\u00bboff\u00bb button_border_width__hover_enabled=\u00bboff\u00bb button_one_border_width__hover_enabled=\u00bboff\u00bb button_two_border_width__hover_enabled=\u00bboff\u00bb button_border_color__hover_enabled=\u00bboff\u00bb button_one_border_color__hover_enabled=\u00bboff\u00bb button_two_border_color__hover_enabled=\u00bboff\u00bb button_border_radius__hover_enabled=\u00bboff\u00bb button_one_border_radius__hover_enabled=\u00bboff\u00bb button_two_border_radius__hover_enabled=\u00bboff\u00bb button_letter_spacing__hover_enabled=\u00bboff\u00bb button_one_letter_spacing__hover_enabled=\u00bboff\u00bb button_two_letter_spacing__hover_enabled=\u00bboff\u00bb button_bg_color__hover_enabled=\u00bboff\u00bb button_one_bg_color__hover_enabled=\u00bboff\u00bb button_two_bg_color__hover_enabled=\u00bboff\u00bb][\/et_pb_contact_field][et_pb_contact_field field_id=\u00bbMensaje\u00bb field_title=\u00bbMensaje\u00bb field_type=\u00bbtext\u00bb fullwidth_field=\u00bbon\u00bb _builder_version=\u00bb4.4.7&#8243; custom_margin=\u00bb||40px|\u00bb global_colors_info=\u00bb{}\u00bb button_text_size__hover_enabled=\u00bboff\u00bb button_one_text_size__hover_enabled=\u00bboff\u00bb button_two_text_size__hover_enabled=\u00bboff\u00bb button_text_color__hover_enabled=\u00bboff\u00bb button_one_text_color__hover_enabled=\u00bboff\u00bb button_two_text_color__hover_enabled=\u00bboff\u00bb button_border_width__hover_enabled=\u00bboff\u00bb button_one_border_width__hover_enabled=\u00bboff\u00bb button_two_border_width__hover_enabled=\u00bboff\u00bb button_border_color__hover_enabled=\u00bboff\u00bb button_one_border_color__hover_enabled=\u00bboff\u00bb button_two_border_color__hover_enabled=\u00bboff\u00bb button_border_radius__hover_enabled=\u00bboff\u00bb button_one_border_radius__hover_enabled=\u00bboff\u00bb button_two_border_radius__hover_enabled=\u00bboff\u00bb button_letter_spacing__hover_enabled=\u00bboff\u00bb button_one_letter_spacing__hover_enabled=\u00bboff\u00bb button_two_letter_spacing__hover_enabled=\u00bboff\u00bb button_bg_color__hover_enabled=\u00bboff\u00bb button_one_bg_color__hover_enabled=\u00bboff\u00bb button_two_bg_color__hover_enabled=\u00bboff\u00bb][\/et_pb_contact_field][\/et_pb_contact_form][\/et_pb_column_inner][\/et_pb_row_inner][\/et_pb_column][\/et_pb_section][et_pb_section fb_built=\u00bb1&#8243; admin_label=\u00bbConsultation\u00bb _builder_version=\u00bb4.4.3&#8243; background_color=\u00bb#d0ddef\u00bb min_height=\u00bb577px\u00bb global_module=\u00bb1202&#8243; global_colors_info=\u00bb{}\u00bb][et_pb_row column_structure=\u00bb1_2,1_2&#8243; _builder_version=\u00bb3.25&#8243; locked=\u00bboff\u00bb global_colors_info=\u00bb{}\u00bb][et_pb_column type=\u00bb1_2&#8243; _builder_version=\u00bb3.25&#8243; custom_padding=\u00bb60px|||\u00bb custom_padding_tablet=\u00bb0px|||\u00bb custom_padding_phone=\u00bb\u00bb custom_padding_last_edited=\u00bbon|tablet\u00bb global_colors_info=\u00bb{}\u00bb padding_tablet=\u00bb0px|||\u00bb padding_last_edited=\u00bbon|tablet\u00bb custom_padding__hover=\u00bb|||\u00bb][et_pb_text content_last_edited=\u00bboff|desktop\u00bb _builder_version=\u00bb4.10.6&#8243; text_font=\u00bb||||||||\u00bb text_line_height=\u00bb2em\u00bb header_font=\u00bb||||||||\u00bb header_3_font=\u00bbMerriweather|700|||||||\u00bb header_3_font_size=\u00bb26px\u00bb header_3_line_height=\u00bb1.6em\u00bb custom_margin=\u00bb|-40px||||\u00bb hover_enabled=\u00bb0&#8243; header_3_font_size_tablet=\u00bb\u00bb header_3_font_size_phone=\u00bb20px\u00bb header_3_font_size_last_edited=\u00bbon|phone\u00bb locked=\u00bboff\u00bb global_colors_info=\u00bb{}\u00bb sticky_enabled=\u00bb0&#8243;]<\/p>\n<p><span style=\"color: #993366;\" wfd-id=\"754\"><strong>&gt;&gt;&gt;&gt;4\u00aa EDICI\u00d3N TALLERES LLAMAS SAGRADAS DE TELOS&lt;&lt;&lt;&lt;\u00a0<\/strong><\/span><\/p>\n<p><span style=\"text-decoration: underline; color: #000080;\" wfd-id=\"753\"><strong>TALLER DE LA LLAMA AZUL DE TELOS (1\u00ba RAYO)<br \/>Mes de NOVIEMBRE (PRESENCIAL)<\/strong><\/span><\/p>\n<p style=\"text-align: justify;\">El s\u00e1bado 27 de NOVIEMBRE imparto un taller durante 2 horas y media, aproximadamente, para dar a conocer la Llama AZUL de Telos, el 1\u00ba Rayo, y experimentar con su vibraci\u00f3n.<\/p>\n<p style=\"text-align: justify;\">No es necesario tener conocimientos o experiencia previa, simplemente, ganas de\u00a0 evolucionar y mucho respeto.<\/p>\n<p style=\"text-align: justify;\">Es un taller completamente vivencial y experimentaremos la vibraci\u00f3n de esta Llama (esta energ\u00eda) a trav\u00e9s de meditaciones y conoceremos sus caracter\u00edsticas concretas.<\/p>\n<p style=\"text-align: justify;\"><strong>TALLER PRESENCIAL:<\/strong><\/p>\n<ul wfd-id=\"748\">\n<li wfd-id=\"751\"><strong>FECHA: S\u00e1bado 27 de NOVIEMBRE de 2021<\/strong><\/li>\n<li wfd-id=\"750\"><strong>HORARIO: de 18:00h a 20:30h, aproximadamente. \u00a1Depende de la din\u00e1mica del grupo!<\/strong><\/li>\n<li wfd-id=\"749\"><strong>Se imparte en Madremanya<\/strong><\/li>\n<\/ul>\n<p>[\/et_pb_text][et_pb_button button_url=\u00bbhttp:\/\/info@martaterapeutavibracional.com\u00bb button_text=\u00bbContacta\u00bb _builder_version=\u00bb4.4.7&#8243; custom_button=\u00bbon\u00bb button_text_size=\u00bb13px\u00bb button_text_color=\u00bb#ffffff\u00bb button_bg_color=\u00bb#89a8d8&#8243; button_border_width=\u00bb0px\u00bb button_border_color=\u00bb#ffffff\u00bb button_border_radius=\u00bb100px\u00bb button_letter_spacing=\u00bb0px\u00bb button_font=\u00bbMontserrat|500||on|||||\u00bb button_use_icon=\u00bboff\u00bb custom_margin=\u00bb|||\u00bb custom_padding=\u00bb16px|30px|16px|30px|true|true\u00bb button_letter_spacing_hover=\u00bb2px\u00bb locked=\u00bboff\u00bb global_colors_info=\u00bb{}\u00bb button_text_size__hover_enabled=\u00bboff\u00bb button_one_text_size__hover_enabled=\u00bboff\u00bb button_two_text_size__hover_enabled=\u00bboff\u00bb button_text_color__hover_enabled=\u00bboff\u00bb button_one_text_color__hover_enabled=\u00bboff\u00bb button_two_text_color__hover_enabled=\u00bboff\u00bb button_border_width__hover_enabled=\u00bboff\u00bb button_one_border_width__hover_enabled=\u00bboff\u00bb button_two_border_width__hover_enabled=\u00bboff\u00bb button_border_color__hover_enabled=\u00bboff\u00bb button_one_border_color__hover_enabled=\u00bboff\u00bb button_two_border_color__hover_enabled=\u00bboff\u00bb button_border_radius__hover_enabled=\u00bboff\u00bb button_one_border_radius__hover_enabled=\u00bboff\u00bb button_two_border_radius__hover_enabled=\u00bboff\u00bb button_letter_spacing__hover_enabled=\u00bbon\u00bb button_letter_spacing__hover=\u00bb2px\u00bb button_one_letter_spacing__hover_enabled=\u00bboff\u00bb button_two_letter_spacing__hover_enabled=\u00bboff\u00bb button_bg_color__hover_enabled=\u00bboff\u00bb button_one_bg_color__hover_enabled=\u00bboff\u00bb button_two_bg_color__hover_enabled=\u00bboff\u00bb][\/et_pb_button][\/et_pb_column][et_pb_column type=\u00bb1_2&#8243; _builder_version=\u00bb3.25&#8243; custom_padding=\u00bb|||\u00bb global_colors_info=\u00bb{}\u00bb custom_padding__hover=\u00bb|||\u00bb][et_pb_image src=\u00bbhttps:\/\/martaterapeutavibracional.com\/es\/wp-content\/uploads\/sites\/3\/2021\/11\/FLAMA1-scaled.jpg\u00bb align_tablet=\u00bbcenter\u00bb align_phone=\u00bb\u00bb align_last_edited=\u00bbon|desktop\u00bb _builder_version=\u00bb4.10.6&#8243; transform_scale=\u00bb80%|80%\u00bb hover_enabled=\u00bb0&#8243; global_colors_info=\u00bb{}\u00bb title_text=\u00bbBlue Flame Background\u00bb sticky_enabled=\u00bb0&#8243;][\/et_pb_image][\/et_pb_column][\/et_pb_row][\/et_pb_section][et_pb_section fb_built=\u00bb1&#8243; admin_label=\u00bbMap\u00bb _builder_version=\u00bb4.4.3&#8243; background_color=\u00bb#ffffff\u00bb background_image=\u00bbhttp:\/\/martaterapeutavibracional.com\/wp-content\/uploads\/2020\/04\/fons_mapa_3.png\u00bb background_position=\u00bbtop_center\u00bb module_alignment=\u00bbcenter\u00bb min_height=\u00bb496px\u00bb custom_margin=\u00bb0px|||0px|false|false\u00bb custom_padding=\u00bb40px|||0px|false|false\u00bb global_colors_info=\u00bb{}\u00bb][et_pb_row _builder_version=\u00bb4.4.3&#8243; max_width=\u00bb1280px\u00bb use_custom_width=\u00bbon\u00bb custom_width_px=\u00bb1280px\u00bb global_colors_info=\u00bb{}\u00bb][et_pb_column type=\u00bb4_4&#8243; _builder_version=\u00bb3.25&#8243; custom_padding=\u00bb|||\u00bb global_colors_info=\u00bb{}\u00bb custom_padding__hover=\u00bb|||\u00bb][et_pb_text _builder_version=\u00bb4.4.3&#8243; border_radii=\u00bbon|24px|24px|24px|24px\u00bb box_shadow_style=\u00bbpreset3&#8243; global_colors_info=\u00bb{}\u00bb]<iframe loading=\"lazy\" src=\"https:\/\/www.google.com\/maps\/embed?pb=!1m18!1m12!1m3!1d2965.462665780191!2d2.9542937512422163!3d41.99034517911137!2m3!1f0!2f0!3f0!3m2!1i1024!2i768!4f13.1!3m3!1m2!1s0x12bafb3d4f2a0e37%3A0xfcafdf0558a1e0a2!2sCarrer%20de%20Sant%20Esteve%2C%2016%2C%2017462%20Madremanya%2C%20Girona!5e0!3m2!1ses!2ses!4v1587653971819!5m2!1ses!2ses\" width=\"100%\" height=\"550\" frameborder=\"0\" style=\"border:0;\" allowfullscreen=\"\" aria-hidden=\"false\" tabindex=\"0\"><\/iframe>[\/et_pb_text][\/et_pb_column][\/et_pb_row][\/et_pb_section][et_pb_section fb_built=\u00bb1&#8243; prev_background_color=\u00bb#ffffff\u00bb admin_label=\u00bbAbout Me\u00bb _builder_version=\u00bb4.4.3&#8243; background_color=\u00bb#a6bee9&#8243; custom_padding=\u00bb100px|0px|54px|0px|false|false\u00bb top_divider_style=\u00bbcurve\u00bb top_divider_height=\u00bb6vw\u00bb top_divider_flip=\u00bbvertical\u00bb global_colors_info=\u00bb{}\u00bb][et_pb_row column_structure=\u00bb3_5,2_5&#8243; _builder_version=\u00bb3.25&#8243; global_colors_info=\u00bb{}\u00bb][et_pb_column type=\u00bb3_5&#8243; _builder_version=\u00bb3.25&#8243; custom_padding=\u00bb|||\u00bb global_colors_info=\u00bb{}\u00bb custom_padding__hover=\u00bb|||\u00bb][et_pb_text _builder_version=\u00bb4.4.7&#8243; text_font=\u00bb||||||||\u00bb text_line_height=\u00bb2em\u00bb ul_font=\u00bb||||||||\u00bb ol_font=\u00bb||||||||\u00bb header_font=\u00bb||||||||\u00bb header_2_font=\u00bbMerriweather|700|||||||\u00bb header_2_font_size=\u00bb36px\u00bb header_2_line_height=\u00bb1.6em\u00bb header_3_font=\u00bbMerriweather|700|||||||\u00bb header_3_text_color=\u00bb#ffc47c\u00bb header_3_font_size=\u00bb18px\u00bb header_3_line_height=\u00bb1.8em\u00bb header_4_font=\u00bb||||||||\u00bb header_5_font=\u00bb||||||||\u00bb header_6_font=\u00bb||||||||\u00bb background_layout=\u00bbdark\u00bb header_2_font_size_tablet=\u00bb\u00bb header_2_font_size_phone=\u00bb20px\u00bb header_2_font_size_last_edited=\u00bbon|phone\u00bb header_3_font_size_tablet=\u00bb\u00bb header_3_font_size_phone=\u00bb14px\u00bb header_3_font_size_last_edited=\u00bbon|phone\u00bb locked=\u00bboff\u00bb inline_fonts=\u00bbAclonica\u00bb global_colors_info=\u00bb{}\u00bb]<\/p>\n<h2><span style=\"color: #4a4a49;\">Marta Dom\u00e8nech Gispert<\/span><\/h2>\n<h3><span style=\"color: #4a4a49;\">Mestra de Reiki<\/span><br \/> <span style=\"color: #4a4a49; font-size: small;\">n\u00fam. 6602 de l&#8217;Asociaci\u00f3n Espa\u00f1ola de Reiki<\/span><\/h3>\n<p style=\"text-align: justify;\">Soy una persona sensible. Despu\u00e9s de dedicarme a tareas de responsabilidad administrativa y despu\u00e9s de pasar por una crisis existencial, mi alma necesita una expansi\u00f3n en el campo de las terapias hol\u00edsticas.<\/p>\n<p style=\"text-align: justify;\">Me gusta ir siempre m\u00e1s all\u00e1, haci\u00e9ndome preguntas internas y no quedarme en la superficialidad.\u00a0<\/p>\n<p>[\/et_pb_text][\/et_pb_column][et_pb_column type=\u00bb2_5&#8243; _builder_version=\u00bb3.25&#8243; custom_padding=\u00bb|||\u00bb global_colors_info=\u00bb{}\u00bb custom_padding__hover=\u00bb|||\u00bb][et_pb_image src=\u00bbhttp:\/\/martaterapeutavibracional.com\/wp-content\/uploads\/2020\/04\/Marta_contacta.jpg\u00bb align=\u00bbcenter\u00bb align_tablet=\u00bbcenter\u00bb align_phone=\u00bb\u00bb align_last_edited=\u00bbon|desktop\u00bb _builder_version=\u00bb4.4.3&#8243; background_image=\u00bbhttp:\/\/martaterapeutavibracional.com\/wp-content\/uploads\/2020\/04\/nutritionist-02.png\u00bb background_size=\u00bbcontain\u00bb max_width=\u00bb200px\u00bb module_alignment=\u00bbcenter\u00bb animation_style=\u00bbzoom\u00bb animation_intensity_zoom=\u00bb10%\u00bb border_radii=\u00bbon|1000px|1000px|1000px|1000px\u00bb box_shadow_style=\u00bbpreset1&#8243; box_shadow_vertical=\u00bb10px\u00bb box_shadow_blur=\u00bb60px\u00bb box_shadow_color=\u00bbrgba(1,33,92,0.1)\u00bb animation=\u00bbtop\u00bb global_colors_info=\u00bb{}\u00bb][\/et_pb_image][et_pb_social_media_follow icon_color=\u00bb#ffffff\u00bb _builder_version=\u00bb4.4.7&#8243; text_orientation=\u00bbcenter\u00bb custom_padding=\u00bb|||\u00bb animation_style=\u00bbzoom\u00bb animation_intensity_zoom=\u00bb10%\u00bb border_radii=\u00bbon|100px|100px|100px|100px\u00bb global_colors_info=\u00bb{}\u00bb][et_pb_social_media_follow_network social_network=\u00bbfacebook\u00bb url=\u00bbhttps:\/\/www.facebook.com\/martaterapeutavibracional\/\u00bb _builder_version=\u00bb4.4.7&#8243; background_color=\u00bb#373838&#8243; background_enable_color=\u00bbon\u00bb transform_scale=\u00bb110%|110%\u00bb custom_margin=\u00bb|12px||\u00bb custom_padding=\u00bb6px|6px|6px|6px|true|true\u00bb global_colors_info=\u00bb{}\u00bb follow_button=\u00bboff\u00bb url_new_window=\u00bbon\u00bb]facebook[\/et_pb_social_media_follow_network][et_pb_social_media_follow_network social_network=\u00bbinstagram\u00bb url=\u00bbhttps:\/\/www.instagram.com\/martaterapeutavibracional\/\u00bb _builder_version=\u00bb4.4.7&#8243; background_color=\u00bb#373838&#8243; background_enable_color=\u00bbon\u00bb transform_scale=\u00bb152%|152%\u00bb global_colors_info=\u00bb{}\u00bb follow_button=\u00bboff\u00bb url_new_window=\u00bbon\u00bb]instagram[\/et_pb_social_media_follow_network][\/et_pb_social_media_follow][\/et_pb_column][\/et_pb_row][\/et_pb_section]<\/p>\n","protected":false},"excerpt":{"rendered":"<p>Contacto ESTOY AQU\u00cd PARA ACOMPA\u00d1ARTE EN TU PROCESO Contacta conmigo por tel\u00e9fono o correo electr\u00f3nico y me comunicar\u00e9 contigo lo antes posible. Tambi\u00e9n puedes utilizar el formulario de esta p\u00e1gina para hacerme llegar tus comentarios.info@martaterapeutavibracional.com(+34)\u00a0647 713 377Carrer Sant Esteve, 16 &#8211; 17462\u00a0 Madremanya &#8211; Girona&gt;&gt;&gt;&gt;4\u00aa EDICI\u00d3N TALLERES LLAMAS SAGRADAS DE TELOS&lt;&lt;&lt;&lt;\u00a0 TALLER DE LA LLAMA [&hellip;]<\/p>\n","protected":false},"author":1,"featured_media":0,"parent":0,"menu_order":0,"comment_status":"closed","ping_status":"closed","template":"","meta":{"_et_pb_use_builder":"on","_et_pb_old_content":"","_et_gb_content_width":"","footnotes":""},"class_list":["post-42","page","type-page","status-publish","hentry"],"yoast_head":"<!-- This site is optimized with the Yoast SEO plugin v25.6 - https:\/\/yoast.com\/wordpress\/plugins\/seo\/ -->\n<title>contacto - Marta Terapeuta Vibracional<\/title>\n<meta name=\"robots\" content=\"index, follow, max-snippet:-1, max-image-preview:large, max-video-preview:-1\" \/>\n<link rel=\"canonical\" href=\"https:\/\/martaterapeutavibracional.com\/es\/contacto\/\" \/>\n<meta property=\"og:locale\" content=\"es_ES\" \/>\n<meta property=\"og:type\" content=\"article\" \/>\n<meta property=\"og:title\" content=\"contacto - Marta Terapeuta Vibracional\" \/>\n<meta property=\"og:description\" content=\"Contacto ESTOY AQU\u00cd PARA ACOMPA\u00d1ARTE EN TU PROCESO Contacta conmigo por tel\u00e9fono o correo electr\u00f3nico y me comunicar\u00e9 contigo lo antes posible. Tambi\u00e9n puedes utilizar el formulario de esta p\u00e1gina para hacerme llegar tus comentarios.info@martaterapeutavibracional.com(+34)\u00a0647 713 377Carrer Sant Esteve, 16 - 17462\u00a0 Madremanya - Girona&gt;&gt;&gt;&gt;4\u00aa EDICI\u00d3N TALLERES LLAMAS SAGRADAS DE TELOS&lt;&lt;&lt;&lt;\u00a0 TALLER DE LA LLAMA [&hellip;]\" \/>\n<meta property=\"og:url\" content=\"https:\/\/martaterapeutavibracional.com\/es\/contacto\/\" \/>\n<meta property=\"og:site_name\" content=\"Marta Terapeuta Vibracional\" \/>\n<meta property=\"article:modified_time\" content=\"2021-11-04T11:17:34+00:00\" \/>\n<meta name=\"twitter:card\" content=\"summary_large_image\" \/>\n<meta name=\"twitter:label1\" content=\"Tiempo de lectura\" \/>\n\t<meta name=\"twitter:data1\" content=\"12 minutos\" \/>\n<script type=\"application\/ld+json\" class=\"yoast-schema-graph\">{\"@context\":\"https:\/\/schema.org\",\"@graph\":[{\"@type\":\"WebPage\",\"@id\":\"https:\/\/martaterapeutavibracional.com\/es\/contacto\/\",\"url\":\"https:\/\/martaterapeutavibracional.com\/es\/contacto\/\",\"name\":\"contacto - Marta Terapeuta Vibracional\",\"isPartOf\":{\"@id\":\"https:\/\/martaterapeutavibracional.com\/es\/#website\"},\"datePublished\":\"2020-04-17T13:15:51+00:00\",\"dateModified\":\"2021-11-04T11:17:34+00:00\",\"breadcrumb\":{\"@id\":\"https:\/\/martaterapeutavibracional.com\/es\/contacto\/#breadcrumb\"},\"inLanguage\":\"es\",\"potentialAction\":[{\"@type\":\"ReadAction\",\"target\":[\"https:\/\/martaterapeutavibracional.com\/es\/contacto\/\"]}]},{\"@type\":\"BreadcrumbList\",\"@id\":\"https:\/\/martaterapeutavibracional.com\/es\/contacto\/#breadcrumb\",\"itemListElement\":[{\"@type\":\"ListItem\",\"position\":1,\"name\":\"Inici\",\"item\":\"https:\/\/martaterapeutavibracional.com\/es\/\"},{\"@type\":\"ListItem\",\"position\":2,\"name\":\"contacto\"}]},{\"@type\":\"WebSite\",\"@id\":\"https:\/\/martaterapeutavibracional.com\/es\/#website\",\"url\":\"https:\/\/martaterapeutavibracional.com\/es\/\",\"name\":\"Marta Terapeuta Vibracional\",\"description\":\"Ter\u00e0pies vibracionals Marta\",\"potentialAction\":[{\"@type\":\"SearchAction\",\"target\":{\"@type\":\"EntryPoint\",\"urlTemplate\":\"https:\/\/martaterapeutavibracional.com\/es\/?s={search_term_string}\"},\"query-input\":{\"@type\":\"PropertyValueSpecification\",\"valueRequired\":true,\"valueName\":\"search_term_string\"}}],\"inLanguage\":\"es\"}]}<\/script>\n<!-- \/ Yoast SEO plugin. -->","yoast_head_json":{"title":"contacto - Marta Terapeuta Vibracional","robots":{"index":"index","follow":"follow","max-snippet":"max-snippet:-1","max-image-preview":"max-image-preview:large","max-video-preview":"max-video-preview:-1"},"canonical":"https:\/\/martaterapeutavibracional.com\/es\/contacto\/","og_locale":"es_ES","og_type":"article","og_title":"contacto - Marta Terapeuta Vibracional","og_description":"Contacto ESTOY AQU\u00cd PARA ACOMPA\u00d1ARTE EN TU PROCESO Contacta conmigo por tel\u00e9fono o correo electr\u00f3nico y me comunicar\u00e9 contigo lo antes posible. Tambi\u00e9n puedes utilizar el formulario de esta p\u00e1gina para hacerme llegar tus comentarios.info@martaterapeutavibracional.com(+34)\u00a0647 713 377Carrer Sant Esteve, 16 - 17462\u00a0 Madremanya - Girona&gt;&gt;&gt;&gt;4\u00aa EDICI\u00d3N TALLERES LLAMAS SAGRADAS DE TELOS&lt;&lt;&lt;&lt;\u00a0 TALLER DE LA LLAMA [&hellip;]","og_url":"https:\/\/martaterapeutavibracional.com\/es\/contacto\/","og_site_name":"Marta Terapeuta Vibracional","article_modified_time":"2021-11-04T11:17:34+00:00","twitter_card":"summary_large_image","twitter_misc":{"Tiempo de lectura":"12 minutos"},"schema":{"@context":"https:\/\/schema.org","@graph":[{"@type":"WebPage","@id":"https:\/\/martaterapeutavibracional.com\/es\/contacto\/","url":"https:\/\/martaterapeutavibracional.com\/es\/contacto\/","name":"contacto - Marta Terapeuta Vibracional","isPartOf":{"@id":"https:\/\/martaterapeutavibracional.com\/es\/#website"},"datePublished":"2020-04-17T13:15:51+00:00","dateModified":"2021-11-04T11:17:34+00:00","breadcrumb":{"@id":"https:\/\/martaterapeutavibracional.com\/es\/contacto\/#breadcrumb"},"inLanguage":"es","potentialAction":[{"@type":"ReadAction","target":["https:\/\/martaterapeutavibracional.com\/es\/contacto\/"]}]},{"@type":"BreadcrumbList","@id":"https:\/\/martaterapeutavibracional.com\/es\/contacto\/#breadcrumb","itemListElement":[{"@type":"ListItem","position":1,"name":"Inici","item":"https:\/\/martaterapeutavibracional.com\/es\/"},{"@type":"ListItem","position":2,"name":"contacto"}]},{"@type":"WebSite","@id":"https:\/\/martaterapeutavibracional.com\/es\/#website","url":"https:\/\/martaterapeutavibracional.com\/es\/","name":"Marta Terapeuta Vibracional","description":"Ter\u00e0pies vibracionals Marta","potentialAction":[{"@type":"SearchAction","target":{"@type":"EntryPoint","urlTemplate":"https:\/\/martaterapeutavibracional.com\/es\/?s={search_term_string}"},"query-input":{"@type":"PropertyValueSpecification","valueRequired":true,"valueName":"search_term_string"}}],"inLanguage":"es"}]}},"jetpack_sharing_enabled":true,"_links":{"self":[{"href":"https:\/\/martaterapeutavibracional.com\/es\/wp-json\/wp\/v2\/pages\/42"}],"collection":[{"href":"https:\/\/martaterapeutavibracional.com\/es\/wp-json\/wp\/v2\/pages"}],"about":[{"href":"https:\/\/martaterapeutavibracional.com\/es\/wp-json\/wp\/v2\/types\/page"}],"author":[{"embeddable":true,"href":"https:\/\/martaterapeutavibracional.com\/es\/wp-json\/wp\/v2\/users\/1"}],"replies":[{"embeddable":true,"href":"https:\/\/martaterapeutavibracional.com\/es\/wp-json\/wp\/v2\/comments?post=42"}],"version-history":[{"count":51,"href":"https:\/\/martaterapeutavibracional.com\/es\/wp-json\/wp\/v2\/pages\/42\/revisions"}],"predecessor-version":[{"id":1367,"href":"https:\/\/martaterapeutavibracional.com\/es\/wp-json\/wp\/v2\/pages\/42\/revisions\/1367"}],"wp:attachment":[{"href":"https:\/\/martaterapeutavibracional.com\/es\/wp-json\/wp\/v2\/media?parent=42"}],"curies":[{"name":"wp","href":"https:\/\/api.w.org\/{rel}","templated":true}]}}